{"id":3,"date":"2023-03-07T18:33:08","date_gmt":"2023-03-07T16:33:08","guid":{"rendered":"https:\/\/ratemeup.online\/?page_id=3"},"modified":"2023-03-18T13:49:34","modified_gmt":"2023-03-18T11:49:34","slug":"adatvedelmi-szabalyzat","status":"publish","type":"page","link":"https:\/\/ratemeup.online\/hu\/adatvedelmi-szabalyzat\/","title":{"rendered":"Adatv\u00e9delmi szab\u00e1lyzat"},"content":{"rendered":"<div data-elementor-type=\"wp-page\" data-elementor-id=\"3\" class=\"elementor elementor-3\" data-elementor-post-type=\"page\">\n\t\t\t\t\t\t<section class=\"elementor-section elementor-top-section elementor-element elementor-element-be3a485 ct-section-stretched elementor-section-height-min-height elementor-section-boxed elementor-section-height-default elementor-section-items-middle\" data-id=\"be3a485\" data-element_type=\"section\" data-e-type=\"section\" data-settings=\"{&quot;background_background&quot;:&quot;gradient&quot;,&quot;jet_parallax_layout_list&quot;:[]}\">\n\t\t\t\t\t\t<div class=\"elementor-container elementor-column-gap-default\">\n\t\t\t\t\t<div class=\"elementor-column elementor-col-100 elementor-top-column elementor-element elementor-element-95f8c80\" data-id=\"95f8c80\" data-element_type=\"column\" data-e-type=\"column\">\n\t\t\t<div class=\"elementor-widget-wrap elementor-element-populated\">\n\t\t\t\t\t\t<div class=\"elementor-element elementor-element-3511983 elementor-widget elementor-widget-heading\" data-id=\"3511983\" data-element_type=\"widget\" data-e-type=\"widget\" data-widget_type=\"heading.default\">\n\t\t\t\t<div class=\"elementor-widget-container\">\n\t\t\t\t\t<h1 class=\"elementor-heading-title elementor-size-default\">Adatv\u00e9delmi szab\u00e1lyzat<\/h1>\t\t\t\t<\/div>\n\t\t\t\t<\/div>\n\t\t\t\t\t<\/div>\n\t\t<\/div>\n\t\t\t\t\t<\/div>\n\t\t<\/section>\n\t\t\t\t<section class=\"elementor-section elementor-top-section elementor-element elementor-element-3c9d427f elementor-section-boxed elementor-section-height-default elementor-section-height-default\" data-id=\"3c9d427f\" data-element_type=\"section\" data-e-type=\"section\" data-settings=\"{&quot;jet_parallax_layout_list&quot;:[]}\">\n\t\t\t\t\t\t<div class=\"elementor-container elementor-column-gap-no\">\n\t\t\t\t\t<div class=\"elementor-column elementor-col-100 elementor-top-column elementor-element elementor-element-48d8f48\" data-id=\"48d8f48\" data-element_type=\"column\" data-e-type=\"column\">\n\t\t\t<div class=\"elementor-widget-wrap elementor-element-populated\">\n\t\t\t\t\t\t<div class=\"elementor-element elementor-element-471ac161 elementor-widget elementor-widget-text-editor\" data-id=\"471ac161\" data-element_type=\"widget\" data-e-type=\"widget\" data-widget_type=\"text-editor.default\">\n\t\t\t\t<div class=\"elementor-widget-container\">\n\t\t\t\t\t\t\t\t\t\n<p>Nagyon \u00f6r\u00fcl\u00fcnk, hogy \u00e9rdekl\u0151d\u00e9st mutatott v\u00e1llalkoz\u00e1sunk ir\u00e1nt. Az adatv\u00e9delem kiemelten fontos a RateMeUp kezel\u00e9se sor\u00e1n. A RateMeUp internetes oldalainak haszn\u00e1lata szem\u00e9lyes adatok felt\u00fcntet\u00e9se n\u00e9lk\u00fcl lehets\u00e9ges; ha azonban az \u00e9rintett speci\u00e1lis v\u00e1llalati szolg\u00e1ltat\u00e1sokat k\u00edv\u00e1n ig\u00e9nybe venni weboldalunkon kereszt\u00fcl, szem\u00e9lyes adatok kezel\u00e9se v\u00e1lhat sz\u00fcks\u00e9gess\u00e9. Ha a szem\u00e9lyes adatok feldolgoz\u00e1sa sz\u00fcks\u00e9ges, \u00e9s az adatkezel\u00e9snek nincs t\u00f6rv\u00e9nyi alapja, \u00e1ltal\u00e1ban kik\u00e9rj\u00fck az \u00e9rintett hozz\u00e1j\u00e1rul\u00e1s\u00e1t.<\/p>\n<p>A szem\u00e9lyes adatok, p\u00e9ld\u00e1ul az \u00e9rintett neve, c\u00edme, e-mail c\u00edme vagy telefonsz\u00e1ma kezel\u00e9s\u00e9nek minden esetben meg kell felelnie az \u00c1ltal\u00e1nos Adatv\u00e9delmi Rendeletnek (GDPR), valamint az orsz\u00e1gspecifikus adatv\u00e9delemnek. a RateMeUp-ra vonatkoz\u00f3 el\u0151\u00edr\u00e1sokat. Jelen adatv\u00e9delmi nyilatkozattal v\u00e1llalkoz\u00e1sunk t\u00e1j\u00e9koztatni k\u00edv\u00e1nja a nagyk\u00f6z\u00f6ns\u00e9get az \u00e1ltalunk gy\u0171jt\u00f6tt, felhaszn\u00e1lt \u00e9s feldolgozott szem\u00e9lyes adatok term\u00e9szet\u00e9r\u0151l, terjedelm\u00e9r\u0151l \u00e9s c\u00e9lj\u00e1r\u00f3l. Ezen t\u00falmen\u0151en az \u00e9rintettek ezen adatv\u00e9delmi nyilatkozat \u00fatj\u00e1n t\u00e1j\u00e9koztat\u00e1st kapnak az \u0151ket megillet\u0151 jogokr\u00f3l.<\/p>\n<p>Adatkezel\u0151k\u00e9nt a RateMeUp sz\u00e1mos technikai \u00e9s szervez\u00e9si int\u00e9zked\u00e9st hajtott v\u00e9gre az ezen a weboldalon kereszt\u00fcl feldolgozott szem\u00e9lyes adatok legteljesebb v\u00e9delm\u00e9nek biztos\u00edt\u00e1sa \u00e9rdek\u00e9ben. Az internet alap\u00fa adat\u00e1tviteln\u00e9l azonban elvileg lehetnek biztons\u00e1gi hi\u00e1nyoss\u00e1gok, \u00edgy az abszol\u00fat v\u00e9delem nem biztos, hogy garant\u00e1lt. Emiatt minden \u00e9rintett szabadon tov\u00e1bb\u00edthatja r\u00e9sz\u00fcnkre szem\u00e9lyes adatait alternat\u00edv m\u00f3don, p\u00e9ld\u00e1ul telefonon.<\/p>\n<h4 class=\"wp-block-heading\">1. Meghat\u00e1roz\u00e1sok<\/h4>\n<p>A RateMeUp adatv\u00e9delmi nyilatkozata az eur\u00f3pai jogalkot\u00f3 \u00e1ltal az \u00c1ltal\u00e1nos Adatv\u00e9delmi Rendelet (GDPR) elfogad\u00e1sakor haszn\u00e1lt kifejez\u00e9seken alapul. Adatv\u00e9delmi nyilatkozatunk legyen olvashat\u00f3 \u00e9s \u00e9rthet\u0151 a nagyk\u00f6z\u00f6ns\u00e9g, valamint \u00fcgyfeleink \u00e9s \u00fczleti partnereink sz\u00e1m\u00e1ra. Ennek biztos\u00edt\u00e1s\u00e1ra el\u0151sz\u00f6r is szeretn\u00e9nk elmagyar\u00e1zni a haszn\u00e1lt terminol\u00f3gi\u00e1t.<\/p>\n<p>Ebben az adatv\u00e9delmi nyilatkozatban t\u00f6bbek k\u00f6z\u00f6tt a k\u00f6vetkez\u0151 kifejez\u00e9seket haszn\u00e1ljuk:<\/p>\n<ul>\n<li>\n<h4>a) Szem\u00e9lyes adatok<\/h4>\n<p>Szem\u00e9lyes adat: minden olyan inform\u00e1ci\u00f3, amely egy azonos\u00edtott vagy azonos\u00edthat\u00f3 term\u00e9szetes szem\u00e9lyre (\u201e\u00e9rintettre\u201d) vonatkozik. Azonos\u00edthat\u00f3 term\u00e9szetes szem\u00e9ly az, aki k\u00f6zvetlen\u00fcl vagy k\u00f6zvetve azonos\u00edthat\u00f3, k\u00fcl\u00f6n\u00f6sen olyan azonos\u00edt\u00f3 alapj\u00e1n, mint a n\u00e9v, az azonos\u00edt\u00f3 sz\u00e1m, a helyadatok, az online azonos\u00edt\u00f3 vagy egy vagy t\u00f6bb, a fizikai, fiziol\u00f3giai, az adott term\u00e9szetes szem\u00e9ly genetikai, ment\u00e1lis, gazdas\u00e1gi, kultur\u00e1lis vagy t\u00e1rsadalmi identit\u00e1sa.<\/p>\n<\/li>\n<li>\n<h4>b) \u00c9rintett<\/h4>\n<p>\u00c9rintett minden azonos\u00edtott vagy azonos\u00edthat\u00f3 term\u00e9szetes szem\u00e9ly, akinek szem\u00e9lyes adatait az adatkezel\u00e9s\u00e9rt felel\u0151s adatkezel\u0151 kezeli.<\/p>\n<\/li>\n<li>\n<h4>c) Feldolgoz\u00e1s<\/h4>\n<p>Adatkezel\u00e9s minden olyan m\u0171velet vagy m\u0171veletsor, amelyet szem\u00e9lyes adatokon vagy szem\u00e9lyes adatok halmaz\u00e1n hajtanak v\u00e9gre, ak\u00e1r automatiz\u00e1lt eszk\u00f6z\u00f6kkel, ak\u00e1r nem, mint p\u00e9ld\u00e1ul gy\u0171jt\u00e9s, r\u00f6gz\u00edt\u00e9s, szervez\u00e9s, struktur\u00e1l\u00e1s, t\u00e1rol\u00e1s, adapt\u00e1l\u00e1s vagy m\u00f3dos\u00edt\u00e1s, visszakeres\u00e9s, konzult\u00e1ci\u00f3, felhaszn\u00e1l\u00e1s, nyilv\u00e1noss\u00e1gra hozatal tov\u00e1bb\u00edt\u00e1ssal, terjeszt\u00e9ssel vagy m\u00e1s m\u00f3don hozz\u00e1f\u00e9rhet\u0151v\u00e9 t\u00e9telsel, \u00f6sszehangol\u00e1ssal vagy kombin\u00e1ci\u00f3val, korl\u00e1toz\u00e1ssal, t\u00f6rl\u00e9ssel vagy megsemmis\u00edt\u00e9ssel.<\/p>\n<\/li>\n<li>\n<h4>d) A feldolgoz\u00e1s korl\u00e1toz\u00e1sa<\/h4>\n<p>Az adatkezel\u00e9s korl\u00e1toz\u00e1sa a t\u00e1rolt szem\u00e9lyes adatok megjel\u00f6l\u00e9se azzal a c\u00e9llal, hogy a j\u00f6v\u0151beni kezel\u00e9s\u00fcket korl\u00e1tozz\u00e1k.<\/p>\n<\/li>\n<li>\n<h4>e) Profilalkot\u00e1s<\/h4>\n<p>Profilalkot\u00e1s: a szem\u00e9lyes adatok automatiz\u00e1lt kezel\u00e9s\u00e9nek b\u00e1rmely form\u00e1ja, amely abb\u00f3l \u00e1ll, hogy a szem\u00e9lyes adatokat egy term\u00e9szetes szem\u00e9llyel kapcsolatos bizonyos szem\u00e9lyes szempontok \u00e9rt\u00e9kel\u00e9s\u00e9re, k\u00fcl\u00f6n\u00f6sen az adott term\u00e9szetes szem\u00e9ly munkahelyi teljes\u00edtm\u00e9ny\u00e9re, gazdas\u00e1gi helyzet\u00e9re, eg\u00e9szs\u00e9g\u00e9re \u00e9s szem\u00e9lyes preferenci\u00e1ira vonatkoz\u00f3 szempontok elemz\u00e9s\u00e9re vagy el\u0151rejelz\u00e9s\u00e9re haszn\u00e1lj\u00e1k fel. , \u00e9rdekl\u0151d\u00e9si k\u00f6r\u00f6k, megb\u00edzhat\u00f3s\u00e1g, viselked\u00e9s, hely vagy mozg\u00e1sok.<\/p>\n<\/li>\n<li>\n<h4>f) \u00c1lneves\u00edt\u00e9s<\/h4>\n<p>Az \u00e1lneves\u00edt\u00e9s a szem\u00e9lyes adatok olyan m\u00f3don t\u00f6rt\u00e9n\u0151 kezel\u00e9se, hogy a szem\u00e9lyes adat tov\u00e1bbi inform\u00e1ci\u00f3k felhaszn\u00e1l\u00e1sa n\u00e9lk\u00fcl t\u00f6bb\u00e9 nem rendelhet\u0151 egy adott \u00e9rintetthez, felt\u00e9ve, hogy az ilyen tov\u00e1bbi inform\u00e1ci\u00f3kat elk\u00fcl\u00f6n\u00edtve t\u00e1rolj\u00e1k, \u00e9s technikai \u00e9s szervez\u00e9si int\u00e9zked\u00e9sek megt\u00e9tele sz\u00fcks\u00e9ges annak biztos\u00edt\u00e1s\u00e1ra. hogy a szem\u00e9lyes adatok nem azonos\u00edtott vagy azonos\u00edthat\u00f3 term\u00e9szetes szem\u00e9lyhez tartoznak.<\/p>\n<\/li>\n<li>\n<h4>g) Adatkezel\u0151 vagy az adatkezel\u00e9s\u00e9rt felel\u0151s adatkezel\u0151<\/h4>\n<p>Az adatkezel\u00e9s\u00e9rt felel\u0151s adatkezel\u0151 vagy adatkezel\u0151 az a term\u00e9szetes vagy jogi szem\u00e9ly, hat\u00f3s\u00e1g, \u00fcgyn\u00f6ks\u00e9g vagy egy\u00e9b szerv, amely egyed\u00fcl vagy m\u00e1sokkal egy\u00fctt meghat\u00e1rozza a szem\u00e9lyes adatok kezel\u00e9s\u00e9nek c\u00e9ljait \u00e9s eszk\u00f6zeit; amennyiben az ilyen adatkezel\u00e9s c\u00e9ljait \u00e9s eszk\u00f6zeit uni\u00f3s vagy tag\u00e1llami jog hat\u00e1rozza meg, az adatkezel\u0151t vagy kijel\u00f6l\u00e9s\u00e9nek konkr\u00e9t krit\u00e9riumait uni\u00f3s vagy tag\u00e1llami jog \u00edrhatja el\u0151.<\/p>\n<\/li>\n<li>\n<h4>h) Processzor<\/h4>\n<p>Az adatfeldolgoz\u00f3 olyan term\u00e9szetes vagy jogi szem\u00e9ly, hat\u00f3s\u00e1g, \u00fcgyn\u00f6ks\u00e9g vagy egy\u00e9b szerv, amely az adatkezel\u0151 nev\u00e9ben szem\u00e9lyes adatokat dolgoz fel.<\/p>\n<\/li>\n<li>\n<h4>i) C\u00edmzett<\/h4>\n<p>A c\u00edmzett az a term\u00e9szetes vagy jogi szem\u00e9ly, hat\u00f3s\u00e1g, \u00fcgyn\u00f6ks\u00e9g vagy m\u00e1s szerv, amellyel a szem\u00e9lyes adatot \u00e1tadj\u00e1k, f\u00fcggetlen\u00fcl att\u00f3l, hogy harmadik szem\u00e9ly-e vagy sem. Mindazon\u00e1ltal az olyan hat\u00f3s\u00e1gok, amelyek az uni\u00f3s vagy tag\u00e1llami joggal \u00f6sszhangban szem\u00e9lyes adatokat kaphatnak egy adott vizsg\u00e1lat keret\u00e9ben, nem tekintend\u0151k c\u00edmzettnek; ezen adatok e hat\u00f3s\u00e1gok \u00e1ltali feldolgoz\u00e1s\u00e1nak meg kell felelnie az adatkezel\u00e9s c\u00e9ljainak megfelel\u0151en alkalmazand\u00f3 adatv\u00e9delmi szab\u00e1lyoknak.<\/p>\n<\/li>\n<li>\n<h4>j) Harmadik f\u00e9l<\/h4>\n<p>Harmadik szem\u00e9ly az \u00e9rintetten, adatkezel\u0151n, adatfeldolgoz\u00f3n \u00e9s azon szem\u00e9lyeken k\u00edv\u00fcli term\u00e9szetes vagy jogi szem\u00e9ly, hat\u00f3s\u00e1g, \u00fcgyn\u00f6ks\u00e9g vagy szerv, aki az adatkezel\u0151 vagy adatfeldolgoz\u00f3 k\u00f6zvetlen fel\u00fcgyelete alatt jogosult szem\u00e9lyes adatok kezel\u00e9s\u00e9re.<\/p>\n<\/li>\n<li>\n<h4>k) Hozz\u00e1j\u00e1rul\u00e1s<\/h4>\n<p>Az \u00e9rintett hozz\u00e1j\u00e1rul\u00e1sa az \u00e9rintett akarat\u00e1nak \u00f6nk\u00e9ntes, konkr\u00e9t, t\u00e1j\u00e9kozott \u00e9s f\u00e9lre\u00e9rthetetlen kinyilv\u00e1n\u00edt\u00e1sa, amellyel nyilatkozattal vagy egy\u00e9rtelm\u0171en meger\u0151s\u00edt\u0151 cselekm\u00e9ny\u00e9vel hozz\u00e1j\u00e1rul a r\u00e1 vonatkoz\u00f3 szem\u00e9lyes adatok kezel\u00e9s\u00e9hez. .<\/p>\n<\/li>\n<\/ul>\n<h4>2. A vez\u00e9rl\u0151 neve \u00e9s c\u00edme<\/h4>\n<p>Adatkezel\u0151 az \u00c1ltal\u00e1nos Adatv\u00e9delmi Rendelet (GDPR), az Eur\u00f3pai Uni\u00f3 tag\u00e1llamaiban alkalmazand\u00f3 egy\u00e9b adatv\u00e9delmi t\u00f6rv\u00e9nyek \u00e9s az adatv\u00e9delemmel kapcsolatos egy\u00e9b rendelkez\u00e9sek alkalmaz\u00e1s\u00e1ban:<\/p>\n<p>RateMeUp<\/p>\n<p>Sapfous 12, Galatsi, Ath\u00e9n<\/p>\n<p>11146 Ath\u00e9n<\/p>\n<p>G\u00f6r\u00f6gorsz\u00e1g<\/p>\n<p>Telefon: 2152151656<\/p>\n<p>E-mail: info@ratemeup.online<\/p>\n<p>Weboldal: https:\/\/ratemeup.online\/<\/p>\n<h4>3. Cookie-k<\/h4>\n<p>A RateMeUp internetes oldalai cookie-kat haszn\u00e1lnak. A cookie-k olyan sz\u00f6veges f\u00e1jlok, amelyeket egy sz\u00e1m\u00edt\u00f3g\u00e9pes rendszer egy internetes b\u00f6ng\u00e9sz\u0151n kereszt\u00fcl t\u00e1rol.<\/p>\n<p>Sz\u00e1mos internetes oldal \u00e9s szerver haszn\u00e1l cookie-kat. Sok cookie \u00fagynevezett cookie-azonos\u00edt\u00f3t tartalmaz. A cookie-azonos\u00edt\u00f3 a cookie egyedi azonos\u00edt\u00f3ja. Egy karakterl\u00e1ncb\u00f3l \u00e1ll, amelyen kereszt\u00fcl internetes oldalak \u00e9s szerverek hozz\u00e1rendelhet\u0151k ahhoz az internetes b\u00f6ng\u00e9sz\u0151h\u00f6z, amelyben a s\u00fcti t\u00e1rolva lett. Ez lehet\u0151v\u00e9 teszi a megl\u00e1togatott internetes oldalak \u00e9s szerverek sz\u00e1m\u00e1ra, hogy megk\u00fcl\u00f6nb\u00f6ztess\u00e9k az adatalany egy\u00e9ni b\u00f6ng\u00e9sz\u0151j\u00e9t a t\u00f6bbi, m\u00e1s cookie-kat tartalmaz\u00f3 internetes b\u00f6ng\u00e9sz\u0151t\u0151l. Egy adott internetb\u00f6ng\u00e9sz\u0151 felismerhet\u0151 \u00e9s azonos\u00edthat\u00f3 az egyedi cookie-azonos\u00edt\u00f3 seg\u00edts\u00e9g\u00e9vel.<\/p>\n<p>A Cookie-k haszn\u00e1lat\u00e1val a RateMeUp felhaszn\u00e1l\u00f3bar\u00e1tabb szolg\u00e1ltat\u00e1sokat tud ny\u00fajtani a weboldal felhaszn\u00e1l\u00f3inak, ami a cookie-be\u00e1ll\u00edt\u00e1s n\u00e9lk\u00fcl nem lenne lehets\u00e9ges.<\/p>\n<p>A cookie seg\u00edts\u00e9g\u00e9vel a weboldalunkon tal\u00e1lhat\u00f3 inform\u00e1ci\u00f3k \u00e9s aj\u00e1nlatok a felhaszn\u00e1l\u00f3 szem el\u0151tt tart\u00e1s\u00e1val optimaliz\u00e1lhat\u00f3k. A cookie-k lehet\u0151v\u00e9 teszik sz\u00e1munkra, hogy a kor\u00e1bban eml\u00edtetteknek megfelel\u0151en felismerj\u00fck weboldalunk felhaszn\u00e1l\u00f3it. Ennek az elismer\u00e9snek az a c\u00e9lja, hogy megk\u00f6nny\u00edtse a felhaszn\u00e1l\u00f3k sz\u00e1m\u00e1ra weboldalunk haszn\u00e1lat\u00e1t. A cookie-kat haszn\u00e1l\u00f3 weboldalhaszn\u00e1l\u00f3nak pl. nem kell minden alkalommal hozz\u00e1f\u00e9r\u00e9si adatokat megadnia a weboldalra val\u00f3 bel\u00e9p\u00e9skor, mert ezt a weboldal \u00e1tveszi, \u00e9s \u00edgy a cookie a felhaszn\u00e1l\u00f3 sz\u00e1m\u00edt\u00f3g\u00e9pes rendszer\u00e9ben ker\u00fcl t\u00e1rol\u00e1sra. Egy m\u00e1sik p\u00e9lda a bev\u00e1s\u00e1rl\u00f3kos\u00e1r s\u00fctije egy online boltban. Az online \u00e1ruh\u00e1z cookie-n kereszt\u00fcl megjegyzi azokat a cikkeket, amelyeket a v\u00e1s\u00e1rl\u00f3 a virtu\u00e1lis kos\u00e1rba helyezett.<\/p>\n<p>Az \u00e9rintett a haszn\u00e1lt internetb\u00f6ng\u00e9sz\u0151 megfelel\u0151 be\u00e1ll\u00edt\u00e1s\u00e1val a weboldalunkon kereszt\u00fcl b\u00e1rmikor megakad\u00e1lyozhatja a cookie-k be\u00e1ll\u00edt\u00e1s\u00e1t, \u00e9s \u00edgy v\u00e9glegesen megtagadhatja a cookie-k be\u00e1ll\u00edt\u00e1s\u00e1t. Ezenk\u00edv\u00fcl a m\u00e1r be\u00e1ll\u00edtott cookie-k b\u00e1rmikor t\u00f6r\u00f6lhet\u0151k internetb\u00f6ng\u00e9sz\u0151n vagy m\u00e1s szoftvereken kereszt\u00fcl. Ez minden n\u00e9pszer\u0171 internetb\u00f6ng\u00e9sz\u0151ben lehets\u00e9ges. Ha az \u00e9rintett a haszn\u00e1lt internetb\u00f6ng\u00e9sz\u0151ben kikapcsolja a cookie-k be\u00e1ll\u00edt\u00e1s\u00e1t, el\u0151fordulhat, hogy weboldalunk nem minden funkci\u00f3ja lesz teljesen haszn\u00e1lhat\u00f3.<\/p>\n<h4>4. \u00c1ltal\u00e1nos adatok \u00e9s inform\u00e1ci\u00f3k gy\u0171jt\u00e9se<\/h4>\n<p>A RateMeUp weboldala \u00e1ltal\u00e1nos adatokat \u00e9s inform\u00e1ci\u00f3kat gy\u0171jt, amikor egy \u00e9rintett vagy automatiz\u00e1lt rendszer felh\u00edvja a webhelyet. Ezeket az \u00e1ltal\u00e1nos adatokat \u00e9s inform\u00e1ci\u00f3kat a szerver napl\u00f3f\u00e1jljai t\u00e1rolj\u00e1k. Gy\u0171jteni lehet (1) a haszn\u00e1lt b\u00f6ng\u00e9sz\u0151 t\u00edpusokat \u00e9s verzi\u00f3kat, (2) a bel\u00e9p\u0151 rendszer \u00e1ltal haszn\u00e1lt oper\u00e1ci\u00f3s rendszert, (3) azt a webhelyet, ahonnan egy bel\u00e9p\u0151 rendszer eljut a weboldalunkra (\u00fan. hivatkoz\u00f3k), (4) az al -webhelyeket, (5) az internetes oldal el\u00e9r\u00e9s\u00e9nek d\u00e1tum\u00e1t \u00e9s id\u0151pontj\u00e1t, (6) az Internet protokoll c\u00edm\u00e9t (IP-c\u00edm\u00e9t), (7) a bel\u00e9p\u0151 rendszer Internet szolg\u00e1ltat\u00f3j\u00e1t, \u00e9s (8) minden egy\u00e9b hasonl\u00f3 adatot, felhaszn\u00e1lhat\u00f3 inform\u00e1ci\u00f3kat inform\u00e1ci\u00f3technol\u00f3giai rendszereinket \u00e9rt t\u00e1mad\u00e1sok eset\u00e9n.<\/p>\n<p>Ezen \u00e1ltal\u00e1nos adatok \u00e9s inform\u00e1ci\u00f3k felhaszn\u00e1l\u00e1sa sor\u00e1n a RateMeUp nem von le k\u00f6vetkeztet\u00e9seket az \u00e9rintettel kapcsolatban. Ezekre az inform\u00e1ci\u00f3kra ink\u00e1bb az\u00e9rt van sz\u00fcks\u00e9g, hogy (1) weboldalunk tartalm\u00e1t helyesen k\u00f6zvet\u00edts\u00fck, (2) weboldalunk tartalm\u00e1t, valamint hirdet\u00e9s\u00e9t optimaliz\u00e1ljuk, (3) inform\u00e1ci\u00f3technol\u00f3giai rendszereink \u00e9s weboldalunk technol\u00f3gi\u00e1ja hossz\u00fa t\u00e1v\u00fa \u00e9letk\u00e9pess\u00e9g\u00e9t biztos\u00edtsuk. \u00e9s (4) a b\u0171n\u00fcld\u00f6z\u0151 hat\u00f3s\u00e1gok rendelkez\u00e9s\u00e9re bocs\u00e1tja azokat az inform\u00e1ci\u00f3kat, amelyek sz\u00e1m\u00edt\u00f3g\u00e9pes t\u00e1mad\u00e1s eset\u00e9n a b\u00fcntet\u0151elj\u00e1r\u00e1s lefolytat\u00e1s\u00e1hoz sz\u00fcks\u00e9gesek. Ez\u00e9rt a RateMeUp az anonim m\u00f3don gy\u0171jt\u00f6tt adatokat \u00e9s inform\u00e1ci\u00f3kat statisztikailag elemzi, azzal a c\u00e9llal, hogy n\u00f6velje v\u00e1llalkoz\u00e1sunk adatv\u00e9delm\u00e9t \u00e9s adatbiztons\u00e1g\u00e1t, \u00e9s biztos\u00edtsa az \u00e1ltalunk kezelt szem\u00e9lyes adatok optim\u00e1lis v\u00e9delm\u00e9t. A szerver napl\u00f3f\u00e1jljainak anonim adatait az \u00e9rintett \u00e1ltal megadott szem\u00e9lyes adatokt\u00f3l elk\u00fcl\u00f6n\u00edtve t\u00e1roljuk.<\/p>\n<h4>5. Regisztr\u00e1ci\u00f3 honlapunkon<\/h4>\n<p>Az \u00e9rintettnek lehet\u0151s\u00e9ge van szem\u00e9lyes adatok megjel\u00f6l\u00e9s\u00e9vel regisztr\u00e1lni az adatkezel\u0151 honlapj\u00e1n. Az, hogy mely szem\u00e9lyes adatokat tov\u00e1bb\u00edtjuk az adatkezel\u0151nek, a regisztr\u00e1ci\u00f3hoz haszn\u00e1lt beviteli maszk hat\u00e1rozza meg. Az \u00e9rintett \u00e1ltal megadott szem\u00e9lyes adatokat kiz\u00e1r\u00f3lag az adatkezel\u0151 bels\u0151 haszn\u00e1latra, saj\u00e1t c\u00e9ljaira gy\u0171jti \u00e9s t\u00e1rolja. Az adatkezel\u0151 k\u00e9rheti egy vagy t\u00f6bb adatfeldolgoz\u00f3nak (pl. csomagk\u00fcld\u0151 szolg\u00e1lat) t\u00f6rt\u00e9n\u0151 tov\u00e1bb\u00edt\u00e1s\u00e1t, amely szem\u00e9lyes adatokat az adatkezel\u0151nek felr\u00f3hat\u00f3 bels\u0151 c\u00e9lra is felhaszn\u00e1l.<\/p>\n<p>Az adatkezel\u0151 honlapj\u00e1n t\u00f6rt\u00e9n\u0151 regisztr\u00e1ci\u00f3val az Internet szolg\u00e1ltat\u00f3 (ISP) \u00e1ltal kiosztott \u00e9s az \u00e9rintett \u00e1ltal haszn\u00e1lt IP c\u00edm is t\u00e1rol\u00e1sra ker\u00fcl a regisztr\u00e1ci\u00f3 d\u00e1tuma \u00e9s id\u0151pontja. Ezen adatok t\u00e1rol\u00e1sa annak h\u00e1tter\u00e9ben t\u00f6rt\u00e9nik, hogy csak \u00edgy lehet megakad\u00e1lyozni szolg\u00e1ltat\u00e1sainkkal val\u00f3 vissza\u00e9l\u00e9st, \u00e9s sz\u00fcks\u00e9g eset\u00e9n lehet\u0151v\u00e9 tenni az elk\u00f6vetett jogs\u00e9rt\u00e9sek kivizsg\u00e1l\u00e1s\u00e1t. Amennyiben ezen adatok t\u00e1rol\u00e1sa az adatkezel\u0151 biztons\u00e1ga \u00e9rdek\u00e9ben sz\u00fcks\u00e9ges. Ezeket az adatokat harmadik f\u00e9lnek nem adjuk \u00e1t, kiv\u00e9ve, ha az adatok tov\u00e1bb\u00edt\u00e1s\u00e1ra t\u00f6rv\u00e9nyi k\u00f6telezetts\u00e9g \u00e1ll fenn, vagy ha az adattov\u00e1bb\u00edt\u00e1s b\u00fcntet\u0151elj\u00e1r\u00e1s lefolytat\u00e1s\u00e1t szolg\u00e1lja.<\/p>\n<p>Az \u00e9rintett regisztr\u00e1ci\u00f3ja a szem\u00e9lyes adatok \u00f6nk\u00e9ntes megad\u00e1s\u00e1val azt a c\u00e9lt szolg\u00e1lja, hogy az adatkezel\u0151 olyan tartalmakat vagy szolg\u00e1ltat\u00e1sokat k\u00edn\u00e1lhasson az \u00e9rintettnek, amelyeket az adott \u00fcgy term\u00e9szet\u00e9b\u0151l ad\u00f3d\u00f3an csak regisztr\u00e1lt felhaszn\u00e1l\u00f3knak aj\u00e1nlhat fel. A regisztr\u00e1lt szem\u00e9lyek a regisztr\u00e1ci\u00f3 sor\u00e1n megadott szem\u00e9lyes adatait b\u00e1rmikor megv\u00e1ltoztathatj\u00e1k, illetve az adatkezel\u0151 adat\u00e1llom\u00e1ny\u00e1b\u00f3l teljes m\u00e9rt\u00e9kben t\u00f6r\u00f6lhetik.<\/p>\n<p>Az adatkezel\u0151 minden \u00e9rintett k\u00e9r\u00e9s\u00e9re b\u00e1rmikor t\u00e1j\u00e9koztat\u00e1st ad arr\u00f3l, hogy az \u00e9rintettr\u0151l milyen szem\u00e9lyes adatokat t\u00e1rolnak. Ezen t\u00falmen\u0151en az adatkezel\u0151 az \u00e9rintett k\u00e9r\u00e9s\u00e9re vagy jelz\u00e9s\u00e9re a szem\u00e9lyes adatokat helyesb\u00edti vagy t\u00f6rli, amennyiben nem \u00e1ll fenn t\u00f6rv\u00e9nyileg el\u0151\u00edrt t\u00e1rol\u00e1si k\u00f6telezetts\u00e9g. Az adatkezel\u0151 munkat\u00e1rsainak \u00f6sszess\u00e9ge kapcsolattart\u00f3k\u00e9nt e tekintetben az \u00e9rintett rendelkez\u00e9s\u00e9re \u00e1ll.<\/p>\n<h4>6. Feliratkoz\u00e1s h\u00edrleveleinkre<\/h4>\n<p>A RateMeUp honlapj\u00e1n a felhaszn\u00e1l\u00f3knak lehet\u0151s\u00e9g\u00fck van feliratkozni v\u00e1llalkoz\u00e1sunk h\u00edrlevel\u00e9re. Az erre a c\u00e9lra haszn\u00e1lt beviteli maszk hat\u00e1rozza meg, hogy milyen szem\u00e9lyes adatokat tov\u00e1bb\u00edtunk, valamint azt, hogy mikor rendelj\u00fck meg a h\u00edrlevelet az adatkezel\u0151t\u0151l.<\/p>\n<p>A RateMeUp h\u00edrlev\u00e9l form\u00e1j\u00e1ban rendszeresen t\u00e1j\u00e9koztatja \u00fcgyfeleit \u00e9s \u00fczleti partnereit a v\u00e1llalati aj\u00e1nlatokr\u00f3l. A v\u00e1llalkoz\u00e1s h\u00edrlevel\u00e9t csak akkor kaphatja meg az \u00e9rintett, ha (1) az \u00e9rintett \u00e9rv\u00e9nyes e-mail c\u00edmmel rendelkezik, \u00e9s (2) az \u00e9rintett regisztr\u00e1lt a h\u00edrlev\u00e9l kisz\u00e1ll\u00edt\u00e1s\u00e1ra. Az \u00e9rintett \u00e1ltal a h\u00edrlev\u00e9l kisz\u00e1ll\u00edt\u00e1shoz els\u0151 alkalommal regisztr\u00e1lt e-mail c\u00edm\u00e9re visszaigazol\u00f3 e-mailt k\u00fcld\u00fcnk, jogi okokb\u00f3l, kett\u0151s jelentkez\u00e9si elj\u00e1r\u00e1sban. Ez a visszaigazol\u00f3 e-mail annak bizony\u00edt\u00e1s\u00e1ra szolg\u00e1l, hogy az e-mail c\u00edm tulajdonosa, mint \u00e9rintett jogosult-e a h\u00edrlev\u00e9l fogad\u00e1s\u00e1ra.<\/p>\n<p>A h\u00edrlev\u00e9lre t\u00f6rt\u00e9n\u0151 regisztr\u00e1ci\u00f3 sor\u00e1n t\u00e1roljuk az Internet szolg\u00e1ltat\u00f3 (ISP) \u00e1ltal hozz\u00e1rendelt \u00e9s az \u00e9rintett \u00e1ltal a regisztr\u00e1ci\u00f3kor haszn\u00e1lt sz\u00e1m\u00edt\u00f3g\u00e9pes rendszer IP c\u00edm\u00e9t, valamint a regisztr\u00e1ci\u00f3 d\u00e1tum\u00e1t \u00e9s id\u0151pontj\u00e1t is. Ezen adatok gy\u0171jt\u00e9se az \u00e9rintett e-mail c\u00edm\u00e9vel val\u00f3 k\u00e9s\u0151bbi (esetleges) vissza\u00e9l\u00e9s meg\u00e9rt\u00e9se \u00e9rdek\u00e9ben sz\u00fcks\u00e9ges, ez\u00e9rt az adatkezel\u0151 jogi v\u00e9delm\u00e9t szolg\u00e1lja.<\/p>\n<p>A h\u00edrlev\u00e9lre t\u00f6rt\u00e9n\u0151 regisztr\u00e1ci\u00f3 sor\u00e1n gy\u0171jt\u00f6tt szem\u00e9lyes adatokat kiz\u00e1r\u00f3lag h\u00edrlevel\u00fcnk k\u00fcld\u00e9s\u00e9re haszn\u00e1ljuk fel. Ezen t\u00falmen\u0151en a h\u00edrlev\u00e9lre feliratkoz\u00f3k e-mailben is \u00e9rtes\u00fclhetnek, amennyiben ez a h\u00edrlev\u00e9l szolg\u00e1ltat\u00e1s m\u0171k\u00f6d\u00e9s\u00e9hez vagy az adott regisztr\u00e1ci\u00f3hoz sz\u00fcks\u00e9ges, mivel ez a h\u00edrlev\u00e9l k\u00edn\u00e1lat m\u00f3dosul\u00e1sa eset\u00e9n lehets\u00e9ges, vagy a m\u0171szaki k\u00f6r\u00fclm\u00e9nyek megv\u00e1ltoz\u00e1sa eset\u00e9n. A h\u00edrlev\u00e9l szolg\u00e1ltat\u00e1s \u00e1ltal gy\u0171jt\u00f6tt szem\u00e9lyes adatok harmadik f\u00e9l r\u00e9sz\u00e9re nem ker\u00fclnek tov\u00e1bb\u00edt\u00e1sra. A h\u00edrlevel\u00fcnkre val\u00f3 feliratkoz\u00e1st az \u00e9rintett b\u00e1rmikor felmondhatja. Az \u00e9rintett a szem\u00e9lyes adatok t\u00e1rol\u00e1s\u00e1hoz a h\u00edrlev\u00e9l kik\u00fcld\u00e9s\u00e9hez adott hozz\u00e1j\u00e1rul\u00e1sa b\u00e1rmikor visszavonhat\u00f3. A hozz\u00e1j\u00e1rul\u00e1s visszavon\u00e1sa c\u00e9lj\u00e1b\u00f3l minden h\u00edrlev\u00e9lben megtal\u00e1lhat\u00f3 a megfelel\u0151 link. A h\u00edrlev\u00e9lr\u0151l b\u00e1rmikor k\u00f6zvetlen\u00fcl az adatkezel\u0151 honlapj\u00e1n is leiratkozhat, vagy ezt az adatkezel\u0151vel m\u00e1s m\u00f3don k\u00f6z\u00f6lheti.<\/p>\n<h4>7. H\u00edrlev\u00e9l-k\u00f6vet\u00e9s<\/h4>\n<p>A RateMeUp h\u00edrlevele \u00fagynevezett nyomk\u00f6vet\u0151 pixeleket tartalmaz. A nyomk\u00f6vet\u0151 pixel egy miniat\u0171r grafika, amelyet az ilyen e-mailekbe \u00e1gyaznak be, \u00e9s amelyeket HTML form\u00e1tumban k\u00fcldenek el, lehet\u0151v\u00e9 t\u00e9ve a napl\u00f3f\u00e1jlok r\u00f6gz\u00edt\u00e9s\u00e9t \u00e9s elemz\u00e9s\u00e9t. Ez lehet\u0151v\u00e9 teszi az online marketing kamp\u00e1nyok siker\u00e9nek vagy kudarc\u00e1nak statisztikai elemz\u00e9s\u00e9t. A be\u00e1gyazott nyomk\u00f6vet\u0151 pixel alapj\u00e1n a RateMeUp l\u00e1thatja, hogy az \u00e9rintett megnyitott-e egy e-mailt, \u00e9s mikor, \u00e9s az e-mailben tal\u00e1lhat\u00f3 hivatkoz\u00e1sokat h\u00edvt\u00e1k le az \u00e9rintettek.<\/p>\n<p>A h\u00edrlevelekben tal\u00e1lhat\u00f3 nyomk\u00f6vet\u0151 pixelekben gy\u0171jt\u00f6tt ilyen szem\u00e9lyes adatokat az adatkezel\u0151 t\u00e1rolja \u00e9s elemzi annak \u00e9rdek\u00e9ben, hogy optimaliz\u00e1lja a h\u00edrlev\u00e9l kisz\u00e1ll\u00edt\u00e1s\u00e1t, valamint hogy a j\u00f6v\u0151beni h\u00edrlevelek tartalm\u00e1t m\u00e9g jobban az \u00e9rintett \u00e9rdekeihez igaz\u00edtsa. Ezeket a szem\u00e9lyes adatokat harmadik f\u00e9lnek nem adjuk \u00e1t. Az \u00e9rintettek b\u00e1rmikor jogosultak a kett\u0151s r\u00e9szv\u00e9teli elj\u00e1r\u00e1ssal kiadott k\u00fcl\u00f6n hozz\u00e1j\u00e1rul\u00e1si nyilatkozat visszavon\u00e1s\u00e1ra. A visszavon\u00e1st k\u00f6vet\u0151en ezeket a szem\u00e9lyes adatokat az adatkezel\u0151 t\u00f6rli. A RateMeUp automatikusan visszavon\u00e1snak tekinti a h\u00edrlev\u00e9l k\u00e9zhezv\u00e9tel\u00e9t\u0151l val\u00f3 el\u00e1ll\u00e1st.<\/p>\n<h4>8. Kapcsolatfelv\u00e9teli lehet\u0151s\u00e9g a honlapon kereszt\u00fcl<\/h4>\n<p>A RateMeUp weboldala olyan inform\u00e1ci\u00f3kat tartalmaz, amelyek lehet\u0151v\u00e9 teszik a v\u00e1llalkoz\u00e1sunkkal val\u00f3 gyors elektronikus kapcsolatfelv\u00e9telt, valamint a vel\u00fcnk val\u00f3 k\u00f6zvetlen kommunik\u00e1ci\u00f3t, amely tartalmazza az \u00fagynevezett elektronikus levelez\u00e9s \u00e1ltal\u00e1nos c\u00edm\u00e9t is (e-mail c\u00edm). Ha az \u00e9rintett e-mailben vagy kapcsolatfelv\u00e9teli \u0171rlapon keresi meg az adatkezel\u0151t, az \u00e9rintett \u00e1ltal tov\u00e1bb\u00edtott szem\u00e9lyes adatok automatikusan t\u00e1rol\u00e1sra ker\u00fclnek. Az \u00e9rintett \u00e1ltal az adatkezel\u0151nek \u00f6nk\u00e9ntes alapon tov\u00e1bb\u00edtott ilyen szem\u00e9lyes adatokat az adatkezel\u00e9s vagy az \u00e9rintettel val\u00f3 kapcsolatfelv\u00e9tel c\u00e9lj\u00e1b\u00f3l t\u00e1roljuk. Ezeket a szem\u00e9lyes adatokat harmadik f\u00e9lnek nem adjuk \u00e1t.<\/p>\n<h4>9. Feliratkoz\u00e1s a weboldalon tal\u00e1lhat\u00f3 blog megjegyz\u00e9seire<\/h4>\n<p>A RateMeUp blogj\u00e1ban tett megjegyz\u00e9sekre harmadik felek feliratkozhatnak. K\u00fcl\u00f6n\u00f6sen fenn\u00e1ll annak a lehet\u0151s\u00e9ge, hogy egy hozz\u00e1sz\u00f3l\u00f3 feliratkozik azokra a megjegyz\u00e9sekre, amelyek egy adott blogbejegyz\u00e9shez f\u0171z\u00f6tt megjegyz\u00e9seit k\u00f6vetik.<\/p>\n<p>Ha az \u00e9rintett \u00fagy d\u00f6nt, hogy feliratkozik a lehet\u0151s\u00e9gre, az adatkezel\u0151 automatikus visszaigazol\u00f3 e-mailt k\u00fcld a kett\u0151s jelentkez\u00e9si elj\u00e1r\u00e1s sor\u00e1n, hogy a megadott e-mail c\u00edm tulajdonosa e lehet\u0151s\u00e9g mellett d\u00f6nt\u00f6tt-e. A megjegyz\u00e9sekre val\u00f3 feliratkoz\u00e1s lehet\u0151s\u00e9ge b\u00e1rmikor megsz\u00fcntethet\u0151.<\/p>\n<h4>10. A szem\u00e9lyes adatok rutin t\u00f6rl\u00e9se \u00e9s z\u00e1rol\u00e1sa<\/h4>\n<p>Az adatkezel\u0151 az \u00e9rintett szem\u00e9lyes adatait csak a t\u00e1rol\u00e1s c\u00e9lj\u00e1nak el\u00e9r\u00e9s\u00e9hez sz\u00fcks\u00e9ges ideig kezeli \u00e9s t\u00e1rolja, vagy ameddig azt az eur\u00f3pai jogalkot\u00f3 vagy m\u00e1s jogalkot\u00f3 az adatkezel\u0151re vonatkoz\u00f3 t\u00f6rv\u00e9nyekben vagy rendeletekben lehet\u0151v\u00e9 teszi. hogy.<\/p>\n<p>Ha a t\u00e1rol\u00e1si c\u00e9l nem alkalmazhat\u00f3, vagy az eur\u00f3pai jogalkot\u00f3 vagy m\u00e1s illet\u00e9kes jogalkot\u00f3 \u00e1ltal el\u0151\u00edrt t\u00e1rol\u00e1si id\u0151 lej\u00e1r, a szem\u00e9lyes adatokat a t\u00f6rv\u00e9nyi el\u0151\u00edr\u00e1soknak megfelel\u0151en rutinszer\u0171en z\u00e1roljuk vagy t\u00f6r\u00f6lj\u00fck.<\/p>\n<h4>11. Az \u00e9rintett jogai<\/h4>\n<ul>\n<li>\n<h4>a) Visszaigazol\u00e1si jog<\/h4>\n<p>Minden \u00e9rintettnek az eur\u00f3pai jogalkot\u00f3 \u00e1ltal biztos\u00edtott joga, hogy az adatkezel\u0151t\u0151l visszaigazol\u00e1st kapjon arr\u00f3l, hogy a r\u00e1 vonatkoz\u00f3 szem\u00e9lyes adatok kezel\u00e9se folyamatban van-e. Ha az \u00e9rintett \u00e9lni k\u00edv\u00e1n e meger\u0151s\u00edt\u00e9si jog\u00e1val, b\u00e1rmikor kapcsolatba l\u00e9phet az adatkezel\u0151 b\u00e1rmely alkalmazottj\u00e1val.<\/p>\n<\/li>\n<li>\n<h4>b) Hozz\u00e1f\u00e9r\u00e9s joga<\/h4>\n<p>Minden \u00e9rintettnek az eur\u00f3pai jogalkot\u00f3 \u00e1ltal biztos\u00edtott joga van arra, hogy az adatkezel\u0151t\u0151l b\u00e1rmikor ingyenes t\u00e1j\u00e9koztat\u00e1st kapjon a t\u00e1rolt szem\u00e9lyes adatair\u00f3l, \u00e9s ezen inform\u00e1ci\u00f3k m\u00e1solat\u00e1t. Tov\u00e1bb\u00e1 az eur\u00f3pai ir\u00e1nyelvek \u00e9s rendeletek az al\u00e1bbi inform\u00e1ci\u00f3khoz biztos\u00edtanak hozz\u00e1f\u00e9r\u00e9st az \u00e9rintett sz\u00e1m\u00e1ra:<\/p>\n<ul>\n<li>az adatkezel\u00e9s c\u00e9ljai;<\/li>\n<li>az \u00e9rintett szem\u00e9lyes adatok kateg\u00f3ri\u00e1i;<\/li>\n<li>a c\u00edmzettek vagy a c\u00edmzettek kateg\u00f3ri\u00e1i, akikkel a szem\u00e9lyes adatokat k\u00f6z\u00f6lt\u00e9k vagy k\u00f6z\u00f6lni fogj\u00e1k, k\u00fcl\u00f6n\u00f6sen a harmadik orsz\u00e1gokban vagy nemzetk\u00f6zi szervezetekben tart\u00f3zkod\u00f3 c\u00edmzettek;<\/li>\n<li>ahol lehets\u00e9ges, a szem\u00e9lyes adatok t\u00e1rol\u00e1s\u00e1nak tervezett id\u0151tartama, vagy ha ez nem lehets\u00e9ges, az ezen id\u0151tartam meghat\u00e1roz\u00e1s\u00e1hoz haszn\u00e1lt krit\u00e9riumok;<\/li>\n<li>az \u00e9rintettre vonatkoz\u00f3 szem\u00e9lyes adatok helyesb\u00edt\u00e9s\u00e9t vagy t\u00f6rl\u00e9s\u00e9t, illetve a szem\u00e9lyes adatok kezel\u00e9s\u00e9nek korl\u00e1toz\u00e1s\u00e1t k\u00e9rheti az adatkezel\u0151t\u0151l, vagy tiltakozhat az adatkezel\u00e9s ellen;<\/li>\n<li>a fel\u00fcgyeleti hat\u00f3s\u00e1gn\u00e1l t\u00f6rt\u00e9n\u0151 panaszt\u00e9teli jog megl\u00e9te;<\/li>\n<li>ha a szem\u00e9lyes adatokat nem az \u00e9rintettt\u0151l gy\u0171jt\u00f6tt\u00e9k, a forr\u00e1sukra vonatkoz\u00f3 b\u00e1rmely rendelkez\u00e9sre \u00e1ll\u00f3 inform\u00e1ci\u00f3;<\/li>\n<li>a GDPR 22. cikk\u00e9nek (1) \u00e9s (4) bekezd\u00e9s\u00e9ben eml\u00edtett automatiz\u00e1lt d\u00f6nt\u00e9shozatal, ide\u00e9rtve a profilalkot\u00e1st is, \u00e9s legal\u00e1bb ezekben az esetekben \u00e9rdemi inform\u00e1ci\u00f3 az \u00e9rintett logik\u00e1r\u00f3l, valamint annak jelent\u0151s\u00e9g\u00e9r\u0151l \u00e9s v\u00e1rhat\u00f3 k\u00f6vetkezm\u00e9nyeir\u0151l ilyen adatkezel\u00e9s az \u00e9rintett sz\u00e1m\u00e1ra.<\/li>\n<\/ul>\n<p>Az \u00e9rintett jogosult tov\u00e1bb\u00e1 t\u00e1j\u00e9koztat\u00e1st kapni arr\u00f3l, hogy a szem\u00e9lyes adatokat harmadik orsz\u00e1gba vagy nemzetk\u00f6zi szervezetbe tov\u00e1bb\u00edtj\u00e1k-e. Ebben az esetben az \u00e9rintettnek joga van t\u00e1j\u00e9koztat\u00e1st kapni a tov\u00e1bb\u00edt\u00e1ssal kapcsolatos megfelel\u0151 biztos\u00edt\u00e9kokr\u00f3l.<\/p>\n<p>Ha az \u00e9rintett \u00e9lni k\u00edv\u00e1n e hozz\u00e1f\u00e9r\u00e9si jog\u00e1val, b\u00e1rmikor kapcsolatba l\u00e9phet az adatkezel\u0151 b\u00e1rmely alkalmazottj\u00e1val.<\/p>\n<\/li>\n<li>\n<h4>c) Helyesb\u00edt\u00e9shez val\u00f3 jog<\/h4>\n<p>Minden \u00e9rintettnek az eur\u00f3pai jogalkot\u00f3 \u00e1ltal biztos\u00edtott joga, hogy k\u00e9rje az adatkezel\u0151t\u0151l indokolatlan k\u00e9sedelem n\u00e9lk\u00fcl a r\u00e1 vonatkoz\u00f3 pontatlan szem\u00e9lyes adatok helyesb\u00edt\u00e9s\u00e9t. Figyelembe v\u00e9ve az adatkezel\u00e9s c\u00e9ljait, az \u00e9rintett jogosult a hi\u00e1nyos szem\u00e9lyes adatok kieg\u00e9sz\u00edt\u00e9s\u00e9re, bele\u00e9rtve a kieg\u00e9sz\u00edt\u0151 nyilatkozat megt\u00e9tel\u00e9t is.<\/p>\n<p>Ha az \u00e9rintett \u00e9lni k\u00edv\u00e1n helyesb\u00edt\u00e9si jog\u00e1val, b\u00e1rmikor kapcsolatba l\u00e9phet az adatkezel\u0151 b\u00e1rmely alkalmazottj\u00e1val.<\/p>\n<\/li>\n<li>\n<h4>d) T\u00f6rl\u00e9si jog (elfeled\u00e9shez val\u00f3 jog)<\/h4>\n<p>Minden \u00e9rintettnek az eur\u00f3pai jogalkot\u00f3 \u00e1ltal biztos\u00edtott joga, hogy k\u00e9rje az adatkezel\u0151t\u0151l a r\u00e1 vonatkoz\u00f3 szem\u00e9lyes adatok indokolatlan k\u00e9sedelem n\u00e9lk\u00fcli t\u00f6rl\u00e9s\u00e9t, az adatkezel\u0151 pedig k\u00f6teles a szem\u00e9lyes adatokat indokolatlan k\u00e9sedelem n\u00e9lk\u00fcl t\u00f6r\u00f6lni, ha az al\u00e1bbi indokok valamelyike mindaddig \u00e9rv\u00e9nyes, am\u00edg a feldolgoz\u00e1s nem sz\u00fcks\u00e9ges:<\/p>\n<ul>\n<li>A szem\u00e9lyes adatokra m\u00e1r nincs sz\u00fcks\u00e9g abb\u00f3l a c\u00e9lb\u00f3l, amelyb\u0151l azokat gy\u0171jt\u00f6tt\u00e9k vagy m\u00e1s m\u00f3don kezelt\u00e9k.<\/li>\n<li>Az \u00e9rintett visszavonja a GDPR 6. cikk (1) bekezd\u00e9s\u00e9nek a) pontja vagy a GDPR 9. cikke (2) bekezd\u00e9s\u00e9nek a) pontja szerint az adatkezel\u00e9s alapj\u00e1ul szolg\u00e1l\u00f3 hozz\u00e1j\u00e1rul\u00e1s\u00e1t, \u00e9s ha nincs m\u00e1s jogalap a feldolgoz\u00e1shoz.<\/li>\n<li>Az \u00e9rintett a GDPR 21. cikk\u00e9nek (1) bekezd\u00e9se alapj\u00e1n tiltakozik az adatkezel\u00e9s ellen, \u00e9s az adatkezel\u00e9snek nincs nyom\u00f3s jogos indoka, vagy az \u00e9rintett tiltakozik az adatkezel\u00e9s ellen a GDPR 21. cikk (2) bekezd\u00e9se alapj\u00e1n.<\/li>\n<li>A szem\u00e9lyes adatokat jogellenesen kezelt\u00e9k.<\/li>\n<li>A szem\u00e9lyes adatokat t\u00f6r\u00f6lni kell az uni\u00f3s vagy tag\u00e1llami jogban az adatkezel\u0151re vonatkoz\u00f3 jogi k\u00f6telezetts\u00e9g teljes\u00edt\u00e9se \u00e9rdek\u00e9ben.<\/li>\n<li>A szem\u00e9lyes adatokat a GDPR 8. cikk\u00e9nek (1) bekezd\u00e9s\u00e9ben eml\u00edtett inform\u00e1ci\u00f3s t\u00e1rsadalommal \u00f6sszef\u00fcgg\u0151 szolg\u00e1ltat\u00e1sok k\u00edn\u00e1lat\u00e1val kapcsolatban gy\u0171jt\u00f6tt\u00e9k.<\/li>\n<\/ul>\n<p>Ha a fent eml\u00edtett okok valamelyike fenn\u00e1ll, \u00e9s az \u00e9rintett k\u00e9rni szeretn\u00e9 a RateMeUp \u00e1ltal t\u00e1rolt szem\u00e9lyes adatainak t\u00f6rl\u00e9s\u00e9t, b\u00e1rmikor kapcsolatba l\u00e9phet az adatkezel\u0151 b\u00e1rmely alkalmazottj\u00e1val. A RateMeUp alkalmazottja halad\u00e9ktalanul k\u00f6teles gondoskodni a t\u00f6rl\u00e9si k\u00e9relem azonnali teljes\u00edt\u00e9s\u00e9r\u0151l.<\/p>\n<p>Ha az adatkezel\u0151 a szem\u00e9lyes adatokat nyilv\u00e1noss\u00e1gra hozta, \u00e9s a 17. cikk (1) bekezd\u00e9se \u00e9rtelm\u00e9ben k\u00f6teles t\u00f6r\u00f6lni a szem\u00e9lyes adatokat, az adatkezel\u0151 a rendelkez\u00e9sre \u00e1ll\u00f3 technol\u00f3gi\u00e1t \u00e9s a megval\u00f3s\u00edt\u00e1s k\u00f6lts\u00e9geit figyelembe v\u00e9ve megteszi az \u00e9sszer\u0171 l\u00e9p\u00e9seket, bele\u00e9rtve a technikai int\u00e9zked\u00e9seket is, hogy t\u00e1j\u00e9koztassa a t\u00f6bbieket. azon szem\u00e9lyes adatokat feldolgoz\u00f3 adatkezel\u0151k, amelyeket az \u00e9rintett k\u00e9rt, hogy t\u00f6r\u00f6lj\u00e9k az \u00e9rintett szem\u00e9lyes adatokra mutat\u00f3 hivatkoz\u00e1sokat, illetve m\u00e1solatokat vagy replik\u00e1ci\u00f3kat, amennyiben a feldolgoz\u00e1s nem sz\u00fcks\u00e9ges. A sz\u00fcks\u00e9ges int\u00e9zked\u00e9seket egyedi esetekben a RateMeUp munkat\u00e1rsai int\u00e9zik.<\/p>\n<\/li>\n<li>\n<h4>e) Az adatkezel\u00e9s korl\u00e1toz\u00e1s\u00e1nak joga<\/h4>\n<p>Minden \u00e9rintettnek az eur\u00f3pai jogalkot\u00f3 \u00e1ltal biztos\u00edtott joga van ahhoz, hogy az adatkezel\u0151t\u0151l az adatkezel\u00e9s korl\u00e1toz\u00e1s\u00e1t k\u00e9rje, ha az al\u00e1bbiak valamelyike fenn\u00e1ll:<\/p>\n<ul>\n<li>Az \u00e9rintett vitatja a szem\u00e9lyes adatok pontoss\u00e1g\u00e1t olyan id\u0151tartamra, amely lehet\u0151v\u00e9 teszi az adatkezel\u0151 sz\u00e1m\u00e1ra a szem\u00e9lyes adatok pontoss\u00e1g\u00e1nak ellen\u0151rz\u00e9s\u00e9t.<\/li>\n<li>Az adatkezel\u00e9s jogellenes, az \u00e9rintett ellenzi a szem\u00e9lyes adatok t\u00f6rl\u00e9s\u00e9t, \u00e9s helyette felhaszn\u00e1l\u00e1suk korl\u00e1toz\u00e1s\u00e1t k\u00e9ri.<\/li>\n<li>Az adatkezel\u0151nek m\u00e1r nincs sz\u00fcks\u00e9ge a szem\u00e9lyes adatokra az adatkezel\u00e9s c\u00e9lj\u00e1b\u00f3l, de az \u00e9rintettnek sz\u00fcks\u00e9ge van r\u00e1juk jogi ig\u00e9nyek el\u0151terjeszt\u00e9s\u00e9hez, \u00e9rv\u00e9nyes\u00edt\u00e9s\u00e9hez vagy v\u00e9delm\u00e9hez.<\/li>\n<li>Az \u00e9rintett a GDPR 21. cikk\u00e9nek (1) bekezd\u00e9se alapj\u00e1n tiltakozott az adatkezel\u00e9s ellen, mindaddig, am\u00edg annak ellen\u0151rz\u00e9se nem t\u00f6rt\u00e9nik meg, hogy az adatkezel\u0151 jogos indokai els\u0151bbs\u00e9get \u00e9lveznek-e az \u00e9rintett indokaival szemben.<\/li>\n<\/ul>\n<p>Ha a fent eml\u00edtett felt\u00e9telek valamelyike teljes\u00fcl, \u00e9s az \u00e9rintett k\u00e9rni k\u00edv\u00e1nja a RateMeUp \u00e1ltal t\u00e1rolt szem\u00e9lyes adatai kezel\u00e9s\u00e9nek korl\u00e1toz\u00e1s\u00e1t, b\u00e1rmikor kapcsolatba l\u00e9phet az adatkezel\u0151 b\u00e1rmely alkalmazottj\u00e1val. A feldolgoz\u00e1s korl\u00e1toz\u00e1s\u00e1r\u00f3l a RateMeUp munkat\u00e1rsa gondoskodik.<\/p>\n<\/li>\n<li>\n<h4>f) Adathordozhat\u00f3s\u00e1ghoz val\u00f3 jog<\/h4>\n<p>Minden \u00e9rintett jogosult az eur\u00f3pai jogalkot\u00f3 \u00e1ltal biztos\u00edtott joggal, hogy a r\u00e1 vonatkoz\u00f3, az adatkezel\u0151 rendelkez\u00e9s\u00e9re bocs\u00e1tott szem\u00e9lyes adatokat tagolt, sz\u00e9les k\u00f6rben haszn\u00e1lt \u00e9s g\u00e9ppel olvashat\u00f3 form\u00e1tumban megkapja. Joga van arra, hogy ezeket az adatokat egy m\u00e1sik adatkezel\u0151nek tov\u00e1bb\u00edtsa an\u00e9lk\u00fcl, hogy ezt akad\u00e1lyozn\u00e1 az az adatkezel\u0151, akinek a szem\u00e9lyes adatokat \u00e1tadt\u00e1k, mindaddig, am\u00edg az adatkezel\u00e9s a 6. cikk (1) bekezd\u00e9s\u00e9nek a) pontja szerinti hozz\u00e1j\u00e1rul\u00e1son alapul. a GDPR vagy a GDPR 9. cikk (2) bekezd\u00e9s a) pontja, vagy a GDPR 6. cikk (1) bekezd\u00e9s b) pontja szerinti szerz\u0151d\u00e9s alapj\u00e1n, \u00e9s az adatkezel\u00e9s automatiz\u00e1lt eszk\u00f6z\u00f6kkel t\u00f6rt\u00e9nik, mindaddig, am\u00edg a feldolgoz\u00e1s nem sz\u00fcks\u00e9ges a k\u00f6z\u00e9rdekb\u0151l vagy az adatkezel\u0151re ruh\u00e1zott k\u00f6zhatalom gyakorl\u00e1sa sor\u00e1n v\u00e9gzett feladat ell\u00e1t\u00e1sa.<\/p>\n<p>Ezen t\u00falmen\u0151en a GDPR 20. cikk\u00e9nek (1) bekezd\u00e9se szerinti adathordozhat\u00f3s\u00e1ghoz val\u00f3 jog\u00e1nak gyakorl\u00e1sa sor\u00e1n az \u00e9rintett jogosult arra, hogy szem\u00e9lyes adatait k\u00f6zvetlen\u00fcl egyik adatkezel\u0151t\u0151l a m\u00e1sikhoz tov\u00e1bb\u00edts\u00e1k, amennyiben ez technikailag kivitelezhet\u0151, \u00e9s ha ez nem h\u00e1tr\u00e1nyosan \u00e9rinti m\u00e1sok jogait \u00e9s szabads\u00e1gait.<\/p>\n<p>Az adathordozhat\u00f3s\u00e1ghoz val\u00f3 jog \u00e9rv\u00e9nyes\u00edt\u00e9se \u00e9rdek\u00e9ben az \u00e9rintett b\u00e1rmikor kapcsolatba l\u00e9phet a RateMeUp b\u00e1rmely alkalmazottj\u00e1val.<\/p>\n<\/li>\n<li>\n<h4>g) Tiltakoz\u00e1s joga<\/h4>\n<p>Minden \u00e9rintettnek az eur\u00f3pai jogalkot\u00f3 \u00e1ltal biztos\u00edtott joga, hogy saj\u00e1tos helyzet\u00e9vel kapcsolatos okokb\u00f3l b\u00e1rmikor tiltakozzon a r\u00e1 vonatkoz\u00f3, az e) vagy f) ponton alapul\u00f3 szem\u00e9lyes adatok kezel\u00e9se ellen. ) a GDPR 6. cikk\u00e9nek (1) bekezd\u00e9se. Ez vonatkozik az e rendelkez\u00e9seken alapul\u00f3 profilalkot\u00e1sra is.<\/p>\n<p>A RateMeUp tiltakoz\u00e1s eset\u00e9n a tov\u00e1bbiakban nem kezeli a szem\u00e9lyes adatokat, kiv\u00e9ve, ha bizony\u00edtani tudjuk az adatkezel\u00e9snek olyan k\u00e9nyszer\u00edt\u0151 erej\u0171 jogos indokait, amelyek fel\u00fcl\u00edrj\u00e1k az \u00e9rintett \u00e9rdekeit, jogait \u00e9s szabads\u00e1gait, vagy jogi ig\u00e9nyek el\u0151terjeszt\u00e9s\u00e9hez, gyakorl\u00e1s\u00e1hoz vagy v\u00e9delm\u00e9hez. .<\/p>\n<p>Ha a RateMeUp szem\u00e9lyes adatokat direkt marketing c\u00e9lb\u00f3l dolgoz fel, az \u00e9rintettnek jog\u00e1ban \u00e1ll b\u00e1rmikor tiltakozni a r\u00e1 vonatkoz\u00f3 szem\u00e9lyes adatok ilyen marketing c\u00e9l\u00fa kezel\u00e9se ellen. Ez vonatkozik a profilalkot\u00e1sra, amennyiben az ilyen direkt marketinghez kapcsol\u00f3dik. Ha az \u00e9rintett tiltakozik a RateMeUp direkt marketing c\u00e9l\u00fa adatkezel\u00e9se ellen, a RateMeUp a tov\u00e1bbiakban nem kezeli a szem\u00e9lyes adatokat e c\u00e9lb\u00f3l.<\/p>\n<p>Ezen t\u00falmen\u0151en az \u00e9rintettnek joga van a saj\u00e1tos helyzet\u00e9vel \u00f6sszef\u00fcgg\u0151 okokb\u00f3l kifog\u00e1solni a r\u00e1 vonatkoz\u00f3 szem\u00e9lyes adatok RateMeUp \u00e1ltal tudom\u00e1nyos vagy t\u00f6rt\u00e9nelmi kutat\u00e1si c\u00e9lb\u00f3l, vagy statisztikai c\u00e9lb\u00f3l t\u00f6rt\u00e9n\u0151 feldolgoz\u00e1s\u00e1t a 89. cikk \u00e9rtelm\u00e9ben. 1) pontja alapj\u00e1n, kiv\u00e9ve, ha az adatkezel\u00e9s k\u00f6z\u00e9rdekb\u0151l v\u00e9gzett feladat elv\u00e9gz\u00e9s\u00e9hez sz\u00fcks\u00e9ges.<\/p>\n<p>A tiltakoz\u00e1si jog gyakorl\u00e1sa \u00e9rdek\u00e9ben az \u00e9rintett kapcsolatba l\u00e9phet a RateMeUp b\u00e1rmely alkalmazottj\u00e1val. Ezen t\u00falmen\u0151en az \u00e9rintett az inform\u00e1ci\u00f3s t\u00e1rsadalommal \u00f6sszef\u00fcgg\u0151 szolg\u00e1ltat\u00e1sok ig\u00e9nybev\u00e9tel\u00e9vel \u00f6sszef\u00fcgg\u00e9sben, \u00e9s a 2002\/58\/EK ir\u00e1nyelv ellen\u00e9re, szabadon \u00e9lhet tiltakoz\u00e1si jog\u00e1val, automatiz\u00e1lt eszk\u00f6z\u00f6kkel, m\u0171szaki el\u0151\u00edr\u00e1sokat haszn\u00e1lva.<\/p>\n<\/li>\n<li>\n<h4>h) Automatiz\u00e1lt egy\u00e9ni d\u00f6nt\u00e9shozatal, bele\u00e9rtve a profilalkot\u00e1st is<\/h4>\n<p>Minden \u00e9rintettnek megilleti az eur\u00f3pai jogalkot\u00f3 \u00e1ltal biztos\u00edtott joga, hogy ne vonatkozzon r\u00e1 olyan, kiz\u00e1r\u00f3lag automatiz\u00e1lt adatkezel\u00e9sen \u2013 ide\u00e9rtve a profilalkot\u00e1st is \u2013 alapul\u00f3 d\u00f6nt\u00e9s hat\u00e1lya, amely r\u00e1 n\u00e9zve joghat\u00e1sokat v\u00e1lt ki, vagy \u0151t hasonl\u00f3an jelent\u0151s m\u00e9rt\u00e9kben \u00e9rinti, mindaddig, am\u00edg a hat\u00e1rozat megsz\u00fcletik. (1) nem sz\u00fcks\u00e9ges az \u00e9rintett \u00e9s az adatkezel\u0151 k\u00f6z\u00f6tti szerz\u0151d\u00e9s megk\u00f6t\u00e9s\u00e9hez vagy teljes\u00edt\u00e9s\u00e9hez, vagy (2) az adatkezel\u0151re vonatkoz\u00f3 uni\u00f3s vagy tag\u00e1llami jog nem enged\u00e9lyezi, \u00e9s amely szint\u00e9n el\u0151\u00edrja megfelel\u0151 int\u00e9zked\u00e9seket az \u00e9rintett jogainak \u00e9s szabads\u00e1gainak, valamint jogos \u00e9rdekeinek v\u00e9delme \u00e9rdek\u00e9ben, vagy (3) nem az \u00e9rintett kifejezett hozz\u00e1j\u00e1rul\u00e1s\u00e1n alapul.<\/p>\n<p>Ha a d\u00f6nt\u00e9s (1) az \u00e9rintett \u00e9s az adatkezel\u0151 k\u00f6z\u00f6tti szerz\u0151d\u00e9s megk\u00f6t\u00e9s\u00e9hez vagy teljes\u00edt\u00e9s\u00e9hez sz\u00fcks\u00e9ges, vagy (2) az \u00e9rintett kifejezett hozz\u00e1j\u00e1rul\u00e1s\u00e1n alapul, a RateMeUp megfelel\u0151 int\u00e9zked\u00e9seket tesz a v\u00e9delem \u00e9rdek\u00e9ben. az \u00e9rintett jogai \u00e9s szabads\u00e1gai, valamint jogos \u00e9rdekei, legal\u00e1bb az adatkezel\u0151 emberi beavatkoz\u00e1s\u00e1hoz, \u00e1ll\u00e1spontj\u00e1nak kifejt\u00e9s\u00e9hez \u00e9s a d\u00f6nt\u00e9s megt\u00e1mad\u00e1s\u00e1hoz val\u00f3 jog.<\/p>\n<p>Ha az \u00e9rintett \u00e9lni k\u00edv\u00e1n az automatiz\u00e1lt egy\u00e9ni d\u00f6nt\u00e9shozatalhoz kapcsol\u00f3d\u00f3 jogaival, b\u00e1rmikor kapcsolatba l\u00e9phet a RateMeUp b\u00e1rmely alkalmazottj\u00e1val.<\/p>\n<\/li>\n<li>\n<h4>i) Adatv\u00e9delmi hozz\u00e1j\u00e1rul\u00e1s visszavon\u00e1s\u00e1nak joga<\/h4>\n<p>Minden \u00e9rintett jogosult az eur\u00f3pai jogalkot\u00f3 \u00e1ltal biztos\u00edtott joggal, hogy b\u00e1rmikor visszavonja a szem\u00e9lyes adatainak feldolgoz\u00e1s\u00e1hoz adott hozz\u00e1j\u00e1rul\u00e1s\u00e1t.<\/p>\n<p>Ha az \u00e9rintett \u00e9lni k\u00edv\u00e1n a hozz\u00e1j\u00e1rul\u00e1s visszavon\u00e1s\u00e1nak jog\u00e1val, b\u00e1rmikor kapcsolatba l\u00e9phet a RateMeUp b\u00e1rmely alkalmazottj\u00e1val.<\/p>\n<\/li>\n<\/ul>\n<h4>12. A Facebook alkalmaz\u00e1s\u00e1ra \u00e9s haszn\u00e1lat\u00e1ra vonatkoz\u00f3 adatv\u00e9delmi rendelkez\u00e9sek<\/h4>\n<p>Ezen a weboldalon az adatkezel\u0151 a v\u00e1llalati Facebook \u00f6sszetev\u0151it integr\u00e1lta. A Facebook egy k\u00f6z\u00f6ss\u00e9gi h\u00e1l\u00f3zat.<\/p>\n<p>A k\u00f6z\u00f6ss\u00e9gi h\u00e1l\u00f3zat k\u00f6z\u00f6ss\u00e9gi tal\u00e1lkoz\u00f3k helysz\u00edne az interneten, egy online k\u00f6z\u00f6ss\u00e9g, amely \u00e1ltal\u00e1ban lehet\u0151v\u00e9 teszi a felhaszn\u00e1l\u00f3knak, hogy kommunik\u00e1ljanak egym\u00e1ssal \u00e9s interakci\u00f3ba l\u00e9pjenek egy virtu\u00e1lis t\u00e9rben. Egy k\u00f6z\u00f6ss\u00e9gi h\u00e1l\u00f3zat platformk\u00e9nt szolg\u00e1lhat a v\u00e9lem\u00e9nyek \u00e9s tapasztalatok cser\u00e9j\u00e9hez, vagy lehet\u0151v\u00e9 teheti az internetes k\u00f6z\u00f6ss\u00e9g sz\u00e1m\u00e1ra, hogy szem\u00e9lyes vagy \u00fczleti vonatkoz\u00e1s\u00fa inform\u00e1ci\u00f3kat szolg\u00e1ltasson. A Facebook lehet\u0151v\u00e9 teszi a k\u00f6z\u00f6ss\u00e9gi h\u00e1l\u00f3zatok felhaszn\u00e1l\u00f3inak, hogy priv\u00e1t profilokat k\u00e9sz\u00edtsenek, f\u00e9nyk\u00e9peket t\u00f6ltsenek fel, \u00e9s bar\u00e1ti k\u00e9r\u00e9seken kereszt\u00fcl h\u00e1l\u00f3zatba l\u00e9pjenek.<\/p>\n<p>A Facebook \u00fczemeltet\u0151je a Facebook, Inc., 1 Hacker Way, Menlo Park, CA 94025, Egyes\u00fclt \u00c1llamok. Ha egy szem\u00e9ly az Egyes\u00fclt \u00c1llamokon vagy Kanad\u00e1n k\u00edv\u00fcl \u00e9l, az adatkezel\u0151 a Facebook Ireland Ltd., 4 Grand Canal Square, Grand Canal Harbour, Dublin 2, \u00cdrorsz\u00e1g.<\/p>\n<p>Az adatkezel\u0151 \u00e1ltal \u00fczemeltetett internetes weboldal egyes oldalainak minden egyes felh\u00edv\u00e1s\u00e1val, amelybe Facebook komponens (Facebook be\u00e9p\u00fcl\u0151 modulok) ker\u00fclt be\u00e9p\u00edt\u00e9sre, az \u00e9rintett informatikai rendszer\u00e9ben l\u00e9v\u0151 webb\u00f6ng\u00e9sz\u0151 automatikusan felsz\u00f3l\u00edtja a megfelel\u0151 Facebook-komponens megjelen\u00edt\u00e9s\u00e9nek let\u00f6lt\u00e9s\u00e9re a Facebook-r\u00f3l a Facebook-komponensen kereszt\u00fcl. Az \u00f6sszes Facebook-b\u0151v\u00edtm\u00e9ny \u00e1ttekint\u00e9se a https:\/\/developers.facebook.com\/docs\/plugins\/ c\u00edmen \u00e9rhet\u0151 el. Jelen technikai elj\u00e1r\u00e1s sor\u00e1n a Facebook tudom\u00e1st szerez arr\u00f3l, hogy weboldalunk konkr\u00e9t aloldal\u00e1t kereste fel az \u00e9rintett.<\/p>\n<p>Ha az \u00e9rintett egyidej\u0171leg bejelentkezik a Facebookra, a Facebook az \u00e9rintett weboldalunkra t\u00f6rt\u00e9n\u0151 minden egyes felh\u00edv\u00e1s\u00e1val \u2013 \u00e9s az internetes oldalunkon val\u00f3 tart\u00f3zkod\u00e1s\u00e1nak teljes id\u0151tartama alatt \u2013 \u00e9szleli, hogy Internet\u00fcnk melyik aloldala oldalt az \u00e9rintett felkereste. Ezeket az inform\u00e1ci\u00f3kat a Facebook komponensen kereszt\u00fcl gy\u0171jtj\u00fck, \u00e9s az \u00e9rintett megfelel\u0151 Facebook-fi\u00f3kj\u00e1hoz kapcsoljuk. Ha az \u00e9rintett r\u00e1kattint a weboldalunkba integr\u00e1lt Facebook gombok valamelyik\u00e9re, pl. a \u201eTetszik\u201d gombra, vagy ha az \u00e9rintett hozz\u00e1sz\u00f3l\u00e1st k\u00fcld, akkor a Facebook ezt az inform\u00e1ci\u00f3t az \u00e9rintett szem\u00e9lyes Facebook felhaszn\u00e1l\u00f3i fi\u00f3kj\u00e1val p\u00e1ros\u00edtja, \u00e9s elt\u00e1rolja a szem\u00e9lyes adatok.<\/p>\n<p>A Facebook a Facebook komponensen kereszt\u00fcl mindig t\u00e1j\u00e9koztat\u00e1st kap az \u00e9rintett weboldalunkon tett l\u00e1togat\u00e1s\u00e1r\u00f3l, ha az \u00e9rintett egyidej\u0171leg bejelentkezik a Facebookon a weboldalunkra val\u00f3 felh\u00edv\u00e1s ideje alatt. Ez att\u00f3l f\u00fcggetlen\u00fcl megt\u00f6rt\u00e9nik, hogy az \u00e9rintett r\u00e1kattint-e a Facebook komponensre vagy sem. Ha az \u00e9rintett sz\u00e1m\u00e1ra nem k\u00edv\u00e1natos az inform\u00e1ci\u00f3 ilyen jelleg\u0171 tov\u00e1bb\u00edt\u00e1sa a Facebook fel\u00e9, akkor ezt \u00fagy akad\u00e1lyozhatja meg, hogy kijelentkezik Facebook-fi\u00f3kj\u00e1b\u00f3l, miel\u0151tt felh\u00edvn\u00e1 weboldalunkat.<\/p>\n<p>A Facebook \u00e1ltal k\u00f6zz\u00e9tett adatv\u00e9delmi ir\u00e1nyelv, amely a https:\/\/facebook.com\/about\/privacy\/ oldalon \u00e9rhet\u0151 el, t\u00e1j\u00e9koztat\u00e1st ad a szem\u00e9lyes adatok Facebook \u00e1ltali gy\u0171jt\u00e9s\u00e9r\u0151l, kezel\u00e9s\u00e9r\u0151l \u00e9s felhaszn\u00e1l\u00e1s\u00e1r\u00f3l. Ezen k\u00edv\u00fcl elmagyar\u00e1zz\u00e1k, hogy a Facebook milyen be\u00e1ll\u00edt\u00e1si lehet\u0151s\u00e9geket k\u00edn\u00e1l az \u00e9rintett mag\u00e1nszf\u00e9r\u00e1j\u00e1nak v\u00e9delme \u00e9rdek\u00e9ben. Ezen t\u00falmen\u0151en k\u00fcl\u00f6nb\u00f6z\u0151 konfigur\u00e1ci\u00f3s lehet\u0151s\u00e9gek \u00e1llnak rendelkez\u00e9sre, amelyek lehet\u0151v\u00e9 teszik a Facebook fel\u00e9 t\u00f6rt\u00e9n\u0151 adattov\u00e1bb\u00edt\u00e1s megsz\u00fcntet\u00e9s\u00e9t. Ezeket az alkalmaz\u00e1sokat az \u00e9rintett felhaszn\u00e1lhatja a Facebook fel\u00e9 t\u00f6rt\u00e9n\u0151 adattov\u00e1bb\u00edt\u00e1s megsz\u00fcntet\u00e9s\u00e9re.<\/p>\n<h4>13. Adatv\u00e9delmi rendelkez\u00e9sek a Google Analytics (anonimiz\u00e1l\u00e1si funkci\u00f3val) alkalmaz\u00e1s\u00e1val \u00e9s haszn\u00e1lat\u00e1val kapcsolatban<\/h4>\n<p>Ezen a weboldalon az adatkezel\u0151 integr\u00e1lta a Google Analytics komponens\u00e9t (anonimiz\u00e1l\u00f3 funkci\u00f3val). A Google Analytics egy webelemz\u0151 szolg\u00e1ltat\u00e1s. A webelemz\u00e9s a webhelyek l\u00e1togat\u00f3inak viselked\u00e9s\u00e9re vonatkoz\u00f3 adatok gy\u0171jt\u00e9se, \u00f6sszegy\u0171jt\u00e9se \u00e9s elemz\u00e9se. A webelemz\u0151 szolg\u00e1ltat\u00e1s t\u00f6bbek k\u00f6z\u00f6tt adatokat gy\u0171jt arr\u00f3l a weboldalr\u00f3l, ahonnan egy szem\u00e9ly \u00e9rkezett (\u00fan. hivatkoz\u00f3), mely aloldalakat l\u00e1togatt\u00e1k meg, illetve milyen gyakran \u00e9s mennyi ideig tekintettek meg egy aloldalt. A webelemz\u00e9st f\u0151k\u00e9nt egy weboldal optimaliz\u00e1l\u00e1s\u00e1ra \u00e9s az internetes hirdet\u00e9sek k\u00f6lts\u00e9g-haszon elemz\u00e9s\u00e9re haszn\u00e1lj\u00e1k.<\/p>\n<p>A Google Analytics \u00f6sszetev\u0151 \u00fczemeltet\u0151je a Google Ireland Limited, Gordon House, Barrow Street, Dublin, D04 E5W5, \u00cdrorsz\u00e1g.<\/p>\n<p>A Google Analytics-en kereszt\u00fcli webes elemz\u00e9shez a vez\u00e9rl\u0151 a \u201e_gat. _anonymizeIp\u201d. Ezzel az alkalmaz\u00e1ssal a Google ler\u00f6vid\u00edti \u00e9s anonimiz\u00e1lja az \u00e9rintett internetkapcsolat\u00e1nak IP-c\u00edm\u00e9t, amikor az Eur\u00f3pai Uni\u00f3 valamely tag\u00e1llam\u00e1b\u00f3l vagy az Eur\u00f3pai Gazdas\u00e1gi T\u00e9rs\u00e9gr\u0151l sz\u00f3l\u00f3 egyezm\u00e9ny m\u00e1sik szerz\u0151d\u0151 \u00e1llam\u00e1b\u00f3l \u00e9r el weboldalainkat.<\/p>\n<p>A Google Analytics komponens c\u00e9lja a weboldalunk forgalm\u00e1nak elemz\u00e9se. A Google az \u00f6sszegy\u0171jt\u00f6tt adatokat \u00e9s inform\u00e1ci\u00f3kat t\u00f6bbek k\u00f6z\u00f6tt arra haszn\u00e1lja fel, hogy ki\u00e9rt\u00e9kelje weboldalunk haszn\u00e1lat\u00e1t, \u00e9s online riportokat k\u00e9sz\u00edtsen, amelyek bemutatj\u00e1k a weboldalainkon v\u00e9gzett tev\u00e9kenys\u00e9geket, valamint hogy az internetes oldalunk haszn\u00e1lat\u00e1val kapcsolatos egy\u00e9b szolg\u00e1ltat\u00e1sokat ny\u00fajtson sz\u00e1munkra.<\/p>\n<p>A Google Analytics cookie-t helyez el az \u00e9rintett informatikai rendszer\u00e9ben. A s\u00fctik defin\u00edci\u00f3j\u00e1t fentebb ismertetj\u00fck. A cookie be\u00e1ll\u00edt\u00e1s\u00e1val a Google k\u00e9pess\u00e9 v\u00e1lik weboldalunk haszn\u00e1lat\u00e1nak elemz\u00e9s\u00e9re. Az adatkezel\u0151 \u00e1ltal \u00fczemeltetett \u00e9s a Google Analytics komponenst integr\u00e1l\u00f3 ezen internetes oldal egyes oldalainak minden egyes felh\u00edv\u00e1sakor az \u00e9rintett informatikai rendszer\u00e9ben l\u00e9v\u0151 internetb\u00f6ng\u00e9sz\u0151 automatikusan adatokat k\u00fcld az adatkezel\u0151n kereszt\u00fcl. Google Analytics komponens online hirdet\u00e9si c\u00e9lokra \u00e9s jutal\u00e9kok elsz\u00e1mol\u00e1s\u00e1ra a Google fel\u00e9. E technikai elj\u00e1r\u00e1s sor\u00e1n a v\u00e1llalkoz\u00e1s Google tudom\u00e1st szerez a szem\u00e9lyes adatokr\u00f3l, p\u00e9ld\u00e1ul az \u00e9rintett IP-c\u00edm\u00e9r\u0151l, amely t\u00f6bbek k\u00f6z\u00f6tt arra szolg\u00e1l, hogy a Google meg\u00e9rtse a l\u00e1togat\u00f3k \u00e9s kattint\u00e1sok eredet\u00e9t, majd ezt k\u00f6vet\u0151en jutal\u00e9k-elsz\u00e1mol\u00e1sokat hozzon l\u00e9tre.<\/p>\n<p>A cookie szem\u00e9lyes adatok t\u00e1rol\u00e1s\u00e1ra szolg\u00e1l, mint p\u00e9ld\u00e1ul a hozz\u00e1f\u00e9r\u00e9si id\u0151, a hozz\u00e1f\u00e9r\u00e9s helye, valamint az \u00e9rintett weboldalunk l\u00e1togat\u00e1si gyakoris\u00e1ga. Internetes oldalunk minden egyes l\u00e1togat\u00e1sa alkalm\u00e1val az ilyen szem\u00e9lyes adatok, bele\u00e9rtve az \u00e9rintett \u00e1ltal haszn\u00e1lt internet-hozz\u00e1f\u00e9r\u00e9s IP-c\u00edm\u00e9t, tov\u00e1bb\u00edt\u00e1sra ker\u00fclnek a Google-hoz az Amerikai Egyes\u00fclt \u00c1llamokban. Ezeket a szem\u00e9lyes adatokat a Google az Amerikai Egyes\u00fclt \u00c1llamokban t\u00e1rolja. A Google ezeket a technikai elj\u00e1r\u00e1s sor\u00e1n gy\u0171jt\u00f6tt szem\u00e9lyes adatokat harmadik f\u00e9lnek tov\u00e1bb\u00edthatja.<\/p>\n<p>Az \u00e9rintett a fent le\u00edrtak szerint a haszn\u00e1lt webb\u00f6ng\u00e9sz\u0151 megfelel\u0151 be\u00e1ll\u00edt\u00e1s\u00e1val b\u00e1rmikor megakad\u00e1lyozhatja a cookie-k be\u00e1ll\u00edt\u00e1s\u00e1t a weboldalunkon kereszt\u00fcl, \u00e9s \u00edgy v\u00e9glegesen megtagadhatja a cookie-k be\u00e1ll\u00edt\u00e1s\u00e1t. A haszn\u00e1lt internetb\u00f6ng\u00e9sz\u0151 ilyen m\u00f3dos\u00edt\u00e1sa azt is megakad\u00e1lyozn\u00e1, hogy a Google Analytics cookie-t \u00e1ll\u00edtson be az \u00e9rintett informatikai rendszer\u00e9be. Ezenk\u00edv\u00fcl a Google Analytics \u00e1ltal m\u00e1r haszn\u00e1lt cookie-k b\u00e1rmikor t\u00f6r\u00f6lhet\u0151k webb\u00f6ng\u00e9sz\u0151n vagy m\u00e1s szoftvereken kereszt\u00fcl.<\/p>\n<p>Ezen t\u00falmen\u0151en az \u00e9rintettnek lehet\u0151s\u00e9ge van tiltakozni a Google Analytics \u00e1ltal gener\u00e1lt adatgy\u0171jt\u00e9s ellen, amely a jelen weboldal haszn\u00e1lat\u00e1val kapcsolatos, valamint ezen adatok Google \u00e1ltali feldolgoz\u00e1s\u00e1t, \u00e9s lehet\u0151s\u00e9ge van arra, hogy minden ilyen adatot kiz\u00e1rjon. . Ebb\u0151l a c\u00e9lb\u00f3l az \u00e9rintettnek le kell t\u00f6ltenie egy b\u00f6ng\u00e9sz\u0151b\u0151v\u00edtm\u00e9nyt a https:\/\/tools.google.com\/dlpage\/gaoptout link alatt, \u00e9s telep\u00edtenie kell. Ez a b\u00f6ng\u00e9sz\u0151b\u0151v\u00edtm\u00e9ny egy JavaScript-en kereszt\u00fcl t\u00e1j\u00e9koztatja a Google Analytics-et, hogy az internetes oldalak l\u00e1togat\u00e1s\u00e1val kapcsolatos adatok \u00e9s inform\u00e1ci\u00f3k nem tov\u00e1bb\u00edthat\u00f3k a Google Analytics sz\u00e1m\u00e1ra. A b\u00f6ng\u00e9sz\u0151b\u0151v\u00edtm\u00e9nyek telep\u00edt\u00e9s\u00e9t a Google kifog\u00e1snak tekinti. Ha az \u00e9rintett informatikai rendszer\u00e9t k\u00e9s\u0151bb t\u00f6rlik, form\u00e1zz\u00e1k vagy \u00fajonnan telep\u00edtik, akkor a Google Analytics letilt\u00e1s\u00e1hoz az \u00e9rintettnek \u00fajra kell telep\u00edtenie a b\u00f6ng\u00e9sz\u0151b\u0151v\u00edtm\u00e9nyeket. Ha a b\u00f6ng\u00e9sz\u0151b\u0151v\u00edtm\u00e9nyt az \u00e9rintett vagy m\u00e1s, a hat\u00e1sk\u00f6r\u00e9be tartoz\u00f3 szem\u00e9ly elt\u00e1vol\u00edtotta, vagy le van tiltva, akkor lehet\u0151s\u00e9g van a b\u00f6ng\u00e9sz\u0151b\u0151v\u00edtm\u00e9nyek \u00fajratelep\u00edt\u00e9s\u00e9re vagy \u00fajraaktiv\u00e1l\u00e1s\u00e1ra.<\/p>\n<p>Tov\u00e1bbi inform\u00e1ci\u00f3k \u00e9s a Google vonatkoz\u00f3 adatv\u00e9delmi rendelkez\u00e9sei a https:\/\/www.google.com\/intl\/en\/policies\/privacy\/ \u00e9s a http:\/\/www.google.com\/analytics\/terms\/us c\u00edmen \u00e9rhet\u0151k el. html. A Google Analytics tov\u00e1bbi magyar\u00e1zata a k\u00f6vetkez\u0151 linken tal\u00e1lhat\u00f3: https:\/\/www.google.com\/analytics\/.<\/p>\n<h4>14. Adatv\u00e9delmi rendelkez\u00e9sek a Google Remarketing alkalmaz\u00e1s\u00e1r\u00f3l \u00e9s haszn\u00e1lat\u00e1r\u00f3l<\/h4>\n<p>Ezen a weboldalon az adatkezel\u0151 integr\u00e1lta a Google Remarketing szolg\u00e1ltat\u00e1sokat. A Google Remarketing a Google AdWords szolg\u00e1ltat\u00e1sa, amely lehet\u0151v\u00e9 teszi a v\u00e1llalkoz\u00e1sok sz\u00e1m\u00e1ra, hogy hirdet\u00e9seket jelen\u00edtsenek meg olyan internetfelhaszn\u00e1l\u00f3k sz\u00e1m\u00e1ra, akik kor\u00e1bban a v\u00e1llalat internetes webhely\u00e9n tart\u00f3zkodtak. A Google Remarketing integr\u00e1ci\u00f3ja teh\u00e1t lehet\u0151v\u00e9 teszi a v\u00e1llalkoz\u00e1sok sz\u00e1m\u00e1ra, hogy felhaszn\u00e1l\u00f3 alap\u00fa hirdet\u00e9seket hozzanak l\u00e9tre, \u00e9s \u00edgy relev\u00e1ns hirdet\u00e9seket jelen\u00edtsenek meg az \u00e9rdekl\u0151d\u0151 internetez\u0151knek.<\/p>\n<p>A Google Remarketing szolg\u00e1ltat\u00e1sok \u00fczemeltet\u0151je a Google Ireland Limited, Gordon House, Barrow Street, Dublin, D04 E5W5, \u00cdrorsz\u00e1g.<\/p>\n<p>A Google Remarketing c\u00e9lja az \u00e9rdekl\u0151d\u00e9snek megfelel\u0151 hirdet\u00e9sek besz\u00far\u00e1sa. A Google Remarketing lehet\u0151v\u00e9 teszi sz\u00e1munkra, hogy a Google h\u00e1l\u00f3zat\u00e1n vagy m\u00e1s weboldalakon olyan hirdet\u00e9seket jelen\u00edts\u00fcnk meg, amelyek egy\u00e9ni ig\u00e9nyeken alapulnak, \u00e9s megfelelnek az internethaszn\u00e1l\u00f3k \u00e9rdekl\u0151d\u00e9s\u00e9nek.<\/p>\n<p>A Google Remarketing cookie-t helyez el az \u00e9rintett informatikai rendszer\u00e9ben. A s\u00fctik defin\u00edci\u00f3j\u00e1t fentebb ismertetj\u00fck. A cookie be\u00e1ll\u00edt\u00e1s\u00e1val a Google lehet\u0151v\u00e9 teszi weboldalunk l\u00e1togat\u00f3j\u00e1nak felismer\u00e9s\u00e9t, ha az egym\u00e1st k\u00f6vet\u0151 weboldalakat h\u00edv meg, amelyek egyben a Google hirdet\u00e9si h\u00e1l\u00f3zat\u00e1nak is tagjai. Minden olyan internetes oldal felh\u00edv\u00e1sakor, amelyre a szolg\u00e1ltat\u00e1st a Google Remarketing integr\u00e1lta, az \u00e9rintett webb\u00f6ng\u00e9sz\u0151je automatikusan azonos\u00edtja mag\u00e1t a Google-lal. E technikai elj\u00e1r\u00e1s sor\u00e1n a Google szem\u00e9lyes adatokat kap, p\u00e9ld\u00e1ul a felhaszn\u00e1l\u00f3 IP-c\u00edm\u00e9t vagy b\u00f6ng\u00e9sz\u00e9si viselked\u00e9s\u00e9t, amelyeket a Google t\u00f6bbek k\u00f6z\u00f6tt az \u00e9rdekl\u0151d\u00e9sre sz\u00e1mot tart\u00f3 hirdet\u00e9sek besz\u00far\u00e1s\u00e1ra haszn\u00e1l fel.<\/p>\n<p>A s\u00fcti szem\u00e9lyes adatok t\u00e1rol\u00e1s\u00e1ra szolg\u00e1l, pl. az \u00e9rintett \u00e1ltal megl\u00e1togatott internetes oldalak. Minden alkalommal, amikor megl\u00e1togatjuk internetes oldalainkat, a szem\u00e9lyes adatok, bele\u00e9rtve az \u00e9rintett \u00e1ltal haszn\u00e1lt internet-hozz\u00e1f\u00e9r\u00e9s IP-c\u00edm\u00e9t, tov\u00e1bb\u00edt\u00e1sra ker\u00fclnek a Google-hoz az Amerikai Egyes\u00fclt \u00c1llamokban. Ezeket a szem\u00e9lyes adatokat a Google az Amerikai Egyes\u00fclt \u00c1llamokban t\u00e1rolja. A Google ezeket a technikai elj\u00e1r\u00e1s sor\u00e1n gy\u0171jt\u00f6tt szem\u00e9lyes adatokat harmadik f\u00e9lnek tov\u00e1bb\u00edthatja.<\/p>\n<p>Az \u00e9rintett a fent le\u00edrtak szerint a haszn\u00e1lt webb\u00f6ng\u00e9sz\u0151 megfelel\u0151 be\u00e1ll\u00edt\u00e1s\u00e1val b\u00e1rmikor megakad\u00e1lyozhatja a cookie-k be\u00e1ll\u00edt\u00e1s\u00e1t a weboldalunkon kereszt\u00fcl, \u00e9s \u00edgy v\u00e9glegesen megtagadhatja a cookie-k be\u00e1ll\u00edt\u00e1s\u00e1t. A haszn\u00e1lt internetb\u00f6ng\u00e9sz\u0151 ilyen m\u00f3dos\u00edt\u00e1sa azt is megakad\u00e1lyozn\u00e1, hogy a Google cookie-t helyezzen el az \u00e9rintett inform\u00e1ci\u00f3technol\u00f3giai rendszer\u00e9ben. Ezenk\u00edv\u00fcl a Google \u00e1ltal m\u00e1r haszn\u00e1lt cookie-k b\u00e1rmikor t\u00f6r\u00f6lhet\u0151k webb\u00f6ng\u00e9sz\u0151n vagy m\u00e1s szoftvereken kereszt\u00fcl.<\/p>\n<p>Ezenk\u00edv\u00fcl az \u00e9rintettnek lehet\u0151s\u00e9ge van tiltakozni a Google \u00e9rdekl\u0151d\u00e9sen alapul\u00f3 hirdet\u00e9se ellen. Ebb\u0151l a c\u00e9lb\u00f3l az \u00e9rintettnek fel kell h\u00edvnia a www.google.de\/settings\/ads linket, \u00e9s meg kell adnia a k\u00edv\u00e1nt be\u00e1ll\u00edt\u00e1sokat az \u00e9rintett \u00e1ltal haszn\u00e1lt minden internetb\u00f6ng\u00e9sz\u0151ben.<\/p>\n<p>Tov\u00e1bbi inform\u00e1ci\u00f3k \u00e9s a Google aktu\u00e1lis adatv\u00e9delmi rendelkez\u00e9sei a https:\/\/www.google.com\/intl\/hu\/policies\/privacy\/ c\u00edmen \u00e9rhet\u0151k el.<\/p>\n<h4>15. A Google-AdWords alkalmaz\u00e1s\u00e1ra \u00e9s haszn\u00e1lat\u00e1ra vonatkoz\u00f3 adatv\u00e9delmi rendelkez\u00e9sek<\/h4>\n<p>Ezen a webhelyen az adatkezel\u0151 integr\u00e1lta a Google AdWords szolg\u00e1ltat\u00e1st. A Google AdWords egy internetes hirdet\u00e9si szolg\u00e1ltat\u00e1s, amely lehet\u0151v\u00e9 teszi a hirdet\u0151 sz\u00e1m\u00e1ra, hogy hirdet\u00e9seket helyezzen el a Google keres\u0151motorjaiban \u00e9s a Google hirdet\u00e9si h\u00e1l\u00f3zat\u00e1ban. A Google AdWords lehet\u0151v\u00e9 teszi a hirdet\u0151 sz\u00e1m\u00e1ra, hogy el\u0151re meghat\u00e1rozzon konkr\u00e9t kulcsszavakat, amelyek seg\u00edts\u00e9g\u00e9vel a hirdet\u00e9s csak akkor jelenik meg a Google keres\u00e9si eredm\u00e9nyei k\u00f6z\u00f6tt, amikor a felhaszn\u00e1l\u00f3 a keres\u0151motort haszn\u00e1lja a kulcssz\u00f3 szempontj\u00e1b\u00f3l relev\u00e1ns keres\u00e9si eredm\u00e9ny lek\u00e9r\u00e9s\u00e9re. A Google Rekl\u00e1mh\u00e1l\u00f3zatban a hirdet\u00e9sek a kor\u00e1bban meghat\u00e1rozott kulcsszavak figyelembev\u00e9tel\u00e9vel automatikus algoritmussal ker\u00fclnek a relev\u00e1ns weboldalakra.<\/p>\n<p>A Google AdWords \u00fczemeltet\u0151je a Google Ireland Limited, Gordon House, Barrow Street, Dublin, D04 E5W5, \u00cdrorsz\u00e1g.<\/p>\n<p>A Google AdWords c\u00e9lja weboldalunk n\u00e9pszer\u0171s\u00edt\u00e9se az\u00e1ltal, hogy relev\u00e1ns hirdet\u00e9seket jelen\u00edt meg harmadik felek webhelyein \u00e9s a Google keres\u0151motor keres\u0151motorj\u00e1nak tal\u00e1latai k\u00f6z\u00f6tt, valamint harmadik f\u00e9lt\u0151l sz\u00e1rmaz\u00f3 hirdet\u00e9seket helyez el weboldalunkra.<\/p>\n<p>Ha egy \u00e9rintett Google hirdet\u00e9sen kereszt\u00fcl jut el weboldalunkra, a Google-n kereszt\u00fcl egy konverzi\u00f3s cookie ker\u00fcl az \u00e9rintett informatikai rendszer\u00e9be. A s\u00fctik defin\u00edci\u00f3j\u00e1t fentebb ismertetj\u00fck. A konverzi\u00f3s cookie 30 nap eltelt\u00e9vel elvesz\u00edti \u00e9rv\u00e9nyess\u00e9g\u00e9t, \u00e9s nem haszn\u00e1lj\u00e1k az \u00e9rintett azonos\u00edt\u00e1s\u00e1ra. Ha a cookie m\u00e9g nem j\u00e1rt le, a konverzi\u00f3s s\u00fcti annak ellen\u0151rz\u00e9s\u00e9re szolg\u00e1l, hogy bizonyos aloldalak, pl. egy online \u00e1ruh\u00e1z rendszer\u00e9b\u0151l sz\u00e1rmaz\u00f3 bev\u00e1s\u00e1rl\u00f3kos\u00e1r fel lettek-e h\u00edvva a weboldalunkon. A konverzi\u00f3s cookie-n kereszt\u00fcl a Google \u00e9s az adatkezel\u0151 is meg\u00e9rtheti, hogy a webhely\u00fcnk\u00f6n AdWords hirdet\u00e9st el\u00e9r\u0151 szem\u00e9ly \u00e9rt\u00e9kes\u00edt\u00e9st gener\u00e1lt-e, azaz v\u00e9grehajtott-e vagy lemondott-e \u00e1ruelad\u00e1st.<\/p>\n<p>A konverzi\u00f3s cookie haszn\u00e1lat\u00e1val \u00f6sszegy\u0171jt\u00f6tt adatokat \u00e9s inform\u00e1ci\u00f3kat a Google arra haszn\u00e1lja fel, hogy l\u00e1togat\u00e1si statisztik\u00e1kat k\u00e9sz\u00edtsen weboldalunkon. Ezeket a l\u00e1togat\u00e1si statisztik\u00e1kat arra haszn\u00e1ljuk, hogy meghat\u00e1rozzuk az AdWords hirdet\u00e9seken kereszt\u00fcl kiszolg\u00e1lt felhaszn\u00e1l\u00f3k teljes sz\u00e1m\u00e1t, hogy megbizonyosodjunk az egyes AdWords hirdet\u00e9sek sikeress\u00e9g\u00e9r\u0151l vagy kudarc\u00e1r\u00f3l, \u00e9s optimaliz\u00e1ljuk AdWords hirdet\u00e9seinket a j\u00f6v\u0151ben. Sem c\u00e9g\u00fcnk, sem m\u00e1s Google AdWords hirdet\u0151k nem kapnak olyan inform\u00e1ci\u00f3kat a Google-t\u00f3l, amelyek alapj\u00e1n azonos\u00edtani lehetne az \u00e9rintettet.<\/p>\n<p>A konverzi\u00f3s cookie szem\u00e9lyes adatokat t\u00e1rol, pl. az \u00e9rintett \u00e1ltal megl\u00e1togatott internetes oldalakat. Minden alkalommal, amikor megl\u00e1togatjuk internetes oldalainkat, a szem\u00e9lyes adatok, bele\u00e9rtve az \u00e9rintett \u00e1ltal haszn\u00e1lt internet-hozz\u00e1f\u00e9r\u00e9s IP-c\u00edm\u00e9t, tov\u00e1bb\u00edt\u00e1sra ker\u00fclnek a Google-hoz az Amerikai Egyes\u00fclt \u00c1llamokban. Ezeket a szem\u00e9lyes adatokat a Google az Amerikai Egyes\u00fclt \u00c1llamokban t\u00e1rolja. A Google ezeket a technikai elj\u00e1r\u00e1s sor\u00e1n gy\u0171jt\u00f6tt szem\u00e9lyes adatokat harmadik f\u00e9lnek tov\u00e1bb\u00edthatja.<\/p>\n<p>Az \u00e9rintett b\u00e1rmikor, a fentebb le\u00edrtak szerint, megakad\u00e1lyozhatja, hogy weboldalunk cookie-kat \u00e1ll\u00edtson be a haszn\u00e1lt internetb\u00f6ng\u00e9sz\u0151 megfelel\u0151 be\u00e1ll\u00edt\u00e1s\u00e1val, \u00e9s ezzel v\u00e9glegesen megtagadhatja a cookie-k be\u00e1ll\u00edt\u00e1s\u00e1t. A haszn\u00e1lt internetb\u00f6ng\u00e9sz\u0151 ilyen be\u00e1ll\u00edt\u00e1sa azt is megakad\u00e1lyozn\u00e1, hogy a Google konverzi\u00f3s cookie-t helyezzen el az \u00e9rintett informatikai rendszer\u00e9ben. Ezenk\u00edv\u00fcl a Google AdWords \u00e1ltal be\u00e1ll\u00edtott cookie b\u00e1rmikor t\u00f6r\u00f6lhet\u0151 az internetb\u00f6ng\u00e9sz\u0151n vagy m\u00e1s szoftvereken kereszt\u00fcl.<\/p>\n<p>Az \u00e9rintettnek lehet\u0151s\u00e9ge van tiltakozni a Google \u00e9rdekl\u0151d\u00e9sen alapul\u00f3 hirdet\u00e9se ellen. Ez\u00e9rt az \u00e9rintettnek minden haszn\u00e1lt b\u00f6ng\u00e9sz\u0151b\u0151l el kell \u00e9rnie a www.google.de\/settings\/ads linket, \u00e9s be kell \u00e1ll\u00edtania a k\u00edv\u00e1nt be\u00e1ll\u00edt\u00e1sokat.<\/p>\n<p>Tov\u00e1bbi inform\u00e1ci\u00f3k \u00e9s a Google vonatkoz\u00f3 adatv\u00e9delmi rendelkez\u00e9sei a https:\/\/www.google.com\/intl\/hu\/policies\/privacy\/ c\u00edmen \u00e9rhet\u0151k el.<\/p>\n<h4>16. Adatv\u00e9delmi rendelkez\u00e9sek az Instagram alkalmaz\u00e1s\u00e1r\u00f3l \u00e9s haszn\u00e1lat\u00e1r\u00f3l<\/h4>\n<p>Ezen a weboldalon a vez\u00e9rl\u0151 az Instagram szolg\u00e1ltat\u00e1s \u00f6sszetev\u0151it integr\u00e1lta. Az Instagram egy audiovizu\u00e1lis platformnak min\u0151s\u00edthet\u0151 szolg\u00e1ltat\u00e1s, amely lehet\u0151v\u00e9 teszi a felhaszn\u00e1l\u00f3k sz\u00e1m\u00e1ra f\u00e9nyk\u00e9pek \u00e9s vide\u00f3k megoszt\u00e1s\u00e1t, valamint az ilyen adatok m\u00e1s k\u00f6z\u00f6ss\u00e9gi h\u00e1l\u00f3zatokon val\u00f3 terjeszt\u00e9s\u00e9t.<\/p>\n<p>Az Instagram \u00e1ltal k\u00edn\u00e1lt szolg\u00e1ltat\u00e1sok \u00fczemeltet\u0151je a Facebook Ireland Ltd., 4 Grand Canal Square, Grand Canal Harbour, Dublin 2 Ireland.<\/p>\n<p>Az adatkezel\u0151 \u00e1ltal \u00fczemeltetett \u00e9s egy Instagram komponenst (Insta gomb) integr\u00e1lt ezen internetes oldal egyes oldalainak minden egyes felh\u00edv\u00e1sakor az \u00e9rintett inform\u00e1ci\u00f3technol\u00f3giai rendszer\u00e9n az internetb\u00f6ng\u00e9sz\u0151 automatikusan felsz\u00f3l\u00edt\u00e1sra ker\u00fcl. az Instagram megfelel\u0151 Instagram-komponens\u00e9nek k\u00e9perny\u0151j\u00e9nek let\u00f6lt\u00e9s\u00e9hez. Ezen technikai elj\u00e1r\u00e1s sor\u00e1n az Instagram tudom\u00e1st szerez arr\u00f3l, hogy weboldalunk konkr\u00e9t aloldal\u00e1t kereste fel az \u00e9rintett.<\/p>\n<p>Ha az \u00e9rintett egyidej\u0171leg bejelentkezik az Instagramba, az Instagram az \u00e9rintett weboldalunkra t\u00f6rt\u00e9n\u0151 minden felh\u00edv\u00e1s\u00e1val \u2013 \u00e9s az internetes oldalunkon val\u00f3 tart\u00f3zkod\u00e1s\u00e1nak teljes id\u0151tartama alatt \u2013 \u00e9szleli, hogy Internet\u00fcnk melyik aloldala. oldalt az \u00e9rintett felkereste. Ezeket az inform\u00e1ci\u00f3kat az Instagram komponensen kereszt\u00fcl gy\u0171jtj\u00fck, \u00e9s az \u00e9rintett megfelel\u0151 Instagram-fi\u00f3kj\u00e1hoz kapcsoljuk. Ha az \u00e9rintett a weboldalunkba integr\u00e1lt Instagram gombok valamelyik\u00e9re kattint, akkor az Instagram ezt az inform\u00e1ci\u00f3t az \u00e9rintett szem\u00e9lyes Instagram felhaszn\u00e1l\u00f3i fi\u00f3kj\u00e1val egyezteti, \u00e9s a szem\u00e9lyes adatokat t\u00e1rolja.<\/p>\n<p>Az Instagram az Instagram komponensen kereszt\u00fcl kap inform\u00e1ci\u00f3kat arr\u00f3l, hogy az \u00e9rintett felkereste a weboldalunkat, felt\u00e9ve, hogy az \u00e9rintett be van jelentkezve az Instagramba a weboldalunkra ir\u00e1nyul\u00f3 h\u00edv\u00e1s id\u0151pontj\u00e1ban. Ez att\u00f3l f\u00fcggetlen\u00fcl t\u00f6rt\u00e9nik, hogy a szem\u00e9ly r\u00e1kattint-e az Instagram gombra vagy sem. Ha az \u00e9rintett sz\u00e1m\u00e1ra nem k\u00edv\u00e1natos az inform\u00e1ci\u00f3 ilyen jelleg\u0171 tov\u00e1bb\u00edt\u00e1sa az Instagram fel\u00e9, akkor ezt \u00fagy akad\u00e1lyozhatja meg, hogy kijelentkezik Instagram-fi\u00f3kj\u00e1b\u00f3l, miel\u0151tt felh\u00edvn\u00e1 a weboldalunkat.<\/p>\n<p>Tov\u00e1bbi inform\u00e1ci\u00f3k \u00e9s az Instagram vonatkoz\u00f3 adatv\u00e9delmi rendelkez\u00e9sei a https:\/\/help.instagram.com\/155833707900388 \u00e9s a https:\/\/www.instagram.com\/about\/legal\/privacy\/ c\u00edmen \u00e9rhet\u0151k el.<\/p>\n<h4>17. Adatv\u00e9delmi rendelkez\u00e9sek a LinkedIn alkalmaz\u00e1s\u00e1r\u00f3l \u00e9s haszn\u00e1lat\u00e1r\u00f3l<\/h4>\n<p>Az adatkezel\u0151 a LinkedIn Corporation \u00f6sszetev\u0151it integr\u00e1lja ezen a webhelyen. A LinkedIn egy webalap\u00fa k\u00f6z\u00f6ss\u00e9gi h\u00e1l\u00f3zat, amely lehet\u0151v\u00e9 teszi a megl\u00e9v\u0151 \u00fczleti kapcsolatokkal rendelkez\u0151 felhaszn\u00e1l\u00f3k sz\u00e1m\u00e1ra a kapcsolatteremt\u00e9st \u00e9s \u00faj \u00fczleti kapcsolatok l\u00e9trehoz\u00e1s\u00e1t. T\u00f6bb mint 200 orsz\u00e1gban t\u00f6bb mint 400 milli\u00f3 regisztr\u00e1lt ember haszn\u00e1lja a LinkedIn-t. \u00cdgy a LinkedIn jelenleg a legnagyobb \u00fczleti kapcsolattart\u00f3 platform \u00e9s az egyik legl\u00e1togatottabb weboldal a vil\u00e1gon.<\/p>\n<p>A LinkedIn \u00fczemeltet\u0151je a LinkedIn Corporation, 2029 Stierlin Court Mountain View, CA 94043, EGYES\u00dcLT \u00c1LLAMOK. Az EGYES\u00dcLT \u00c1LLAMOKON k\u00edv\u00fcli adatv\u00e9delmi \u00fcgyek\u00e9rt a LinkedIn Ireland, a Wilton Plaza, Wilton Place, Dublin 2, \u00cdrorsz\u00e1g adatv\u00e9delmi ir\u00e1nyelvei a felel\u0151s.<\/p>\n<p>Az adatkezel\u0151 \u00e1ltal \u00fczemeltetett \u00e9s LinkedIn komponenst (LinkedIn be\u00e9p\u00fcl\u0151 modult) integr\u00e1lt ezen internetes oldal egyes oldalainak minden egyes felh\u00edv\u00e1s\u00e1val az \u00e9rintett informatikai rendszer\u00e9n l\u00e9v\u0151 internetb\u00f6ng\u00e9sz\u0151 automatikusan felsz\u00f3l\u00edtja a LinkedIn megfelel\u0151 LinkedIn-komponens\u00e9nek k\u00e9perny\u0151j\u00e9nek let\u00f6lt\u00e9s\u00e9re. A LinkedIn be\u00e9p\u00fcl\u0151 modullal kapcsolatos tov\u00e1bbi inform\u00e1ci\u00f3k a https:\/\/developer.linkedin.com\/plugins c\u00edmen \u00e9rhet\u0151k el. A technikai elj\u00e1r\u00e1s sor\u00e1n a LinkedIn tudom\u00e1st szerez arr\u00f3l, hogy weboldalunk konkr\u00e9t aloldal\u00e1t kereste fel az \u00e9rintett.<\/p>\n<p>Ha az \u00e9rintett egyidej\u0171leg bejelentkezik a LinkedInbe, a LinkedIn az \u00e9rintett weboldalunkra t\u00f6rt\u00e9n\u0151 minden egyes felh\u00edv\u00e1sakor \u2013 \u00e9s az internetes oldalunkon val\u00f3 tart\u00f3zkod\u00e1sa teljes id\u0151tartama alatt \u2013 \u00e9szleli, hogy Internet\u00fcnk melyik aloldala. oldalt az \u00e9rintett felkereste. Ezeket az inform\u00e1ci\u00f3kat a LinkedIn \u00f6sszetev\u0151n kereszt\u00fcl gy\u0171jtj\u00fck, \u00e9s az \u00e9rintett megfelel\u0151 LinkedIn-fi\u00f3kj\u00e1hoz t\u00e1rs\u00edtjuk. Ha az \u00e9rintett a weboldalunkba integr\u00e1lt LinkedIn gombok valamelyik\u00e9re kattint, akkor a LinkedIn ezeket az inform\u00e1ci\u00f3kat az \u00e9rintett szem\u00e9lyes LinkedIn felhaszn\u00e1l\u00f3i fi\u00f3kj\u00e1hoz rendeli \u00e9s t\u00e1rolja a szem\u00e9lyes adatokat.<\/p>\n<p>A LinkedIn a LinkedIn komponensen kereszt\u00fcl t\u00e1j\u00e9koztat\u00e1st kap arr\u00f3l, hogy az \u00e9rintett felkereste a weboldalunkat, felt\u00e9ve, hogy az \u00e9rintett be van jelentkezve a LinkedInbe a weboldalunkra val\u00f3 felh\u00edv\u00e1s id\u0151pontj\u00e1ban. Ez att\u00f3l f\u00fcggetlen\u00fcl t\u00f6rt\u00e9nik, hogy a szem\u00e9ly r\u00e1kattint-e a LinkedIn gombra vagy sem. Ha az \u00e9rintett sz\u00e1m\u00e1ra nem k\u00edv\u00e1natos egy ilyen inform\u00e1ci\u00f3tov\u00e1bb\u00edt\u00e1s a LinkedIn fel\u00e9, akkor ezt \u00fagy akad\u00e1lyozhatja meg, hogy kijelentkezik a LinkedIn-fi\u00f3kj\u00e1b\u00f3l, miel\u0151tt felh\u00edvn\u00e1 weboldalunkat.<\/p>\n<p>A LinkedIn a https:\/\/www.linkedin.com\/psettings\/guest-controls oldalon lehet\u0151s\u00e9get biztos\u00edt az e-mail \u00fczenetekr\u0151l, SMS-ekr\u0151l \u00e9s c\u00e9lzott hirdet\u00e9sekr\u0151l val\u00f3 leiratkoz\u00e1sra, valamint a hirdet\u00e9si be\u00e1ll\u00edt\u00e1sok kezel\u00e9s\u00e9re. A LinkedIn olyan le\u00e1nyv\u00e1llalatokat is haszn\u00e1l, mint az Eire, a Google Analytics, a BlueKai, a DoubleClick, a Nielsen, a Comscore, az Eloqua \u00e9s a Lotame. Az ilyen cookie-k be\u00e1ll\u00edt\u00e1sa a https:\/\/www.linkedin.com\/legal\/cookie-policy alatt megtagadhat\u00f3. A LinkedIn vonatkoz\u00f3 adatv\u00e9delmi szab\u00e1lyzata a https:\/\/www.linkedin.com\/legal\/privacy-policy c\u00edmen \u00e9rhet\u0151 el. A LinkedIn cookie-kra vonatkoz\u00f3 szab\u00e1lyzata a https:\/\/www.linkedin.com\/legal\/cookie-policy c\u00edmen \u00e9rhet\u0151 el.<\/p>\n<h4>18. A YouTube alkalmaz\u00e1s\u00e1ra \u00e9s haszn\u00e1lat\u00e1ra vonatkoz\u00f3 adatv\u00e9delmi rendelkez\u00e9sek<\/h4>\n<p>Ezen a webhelyen a vez\u00e9rl\u0151 integr\u00e1lt YouTube-\u00f6sszetev\u0151kkel rendelkezik. A YouTube egy internetes vide\u00f3port\u00e1l, amely lehet\u0151v\u00e9 teszi a videokiad\u00f3k sz\u00e1m\u00e1ra, hogy ingyenesen \u00e1ll\u00edtsanak be videoklipeket \u00e9s m\u00e1s felhaszn\u00e1l\u00f3kat, valamint ingyenes megtekint\u00e9st, \u00e1ttekint\u00e9st \u00e9s megjegyz\u00e9seket f\u0171znek hozz\u00e1juk. A YouTube lehet\u0151v\u00e9 teszi mindenf\u00e9le vide\u00f3 k\u00f6zz\u00e9t\u00e9tel\u00e9t, \u00edgy az internetes port\u00e1lon kereszt\u00fcl el\u00e9rheti a teljes filmeket \u00e9s t\u00e9v\u00e9ad\u00e1sokat, valamint a zenei vide\u00f3kat, el\u0151zeteseket \u00e9s a felhaszn\u00e1l\u00f3k \u00e1ltal k\u00e9sz\u00edtett vide\u00f3kat.<\/p>\n<p>A YouTube \u00fczemeltet\u0151je a Google Ireland Limited, Gordon House, Barrow Street, Dublin, D04 E5W5, \u00cdrorsz\u00e1g.<\/p>\n<p>Az adatkezel\u0151 \u00e1ltal \u00fczemeltetett, az adatkezel\u0151 \u00e1ltal \u00fczemeltetett internetes oldal egyes oldalainak minden egyes felh\u00edv\u00e1sakor, amelybe YouTube-komponens (YouTube-vide\u00f3) ker\u00fclt be\u00e9p\u00edt\u00e9sre, az \u00e9rintett informatikai rendszer\u00e9nek internetb\u00f6ng\u00e9sz\u0151je automatikusan felsz\u00f3l\u00edt\u00e1sra ker\u00fcl. a megfelel\u0151 YouTube-komponens k\u00e9perny\u0151j\u00e9nek let\u00f6lt\u00e9s\u00e9hez. A YouTube-r\u00f3l tov\u00e1bbi inform\u00e1ci\u00f3kat a https:\/\/www.youtube.com\/yt\/about\/en\/ oldalon tal\u00e1lhat. Ezen technikai elj\u00e1r\u00e1s sor\u00e1n a YouTube \u00e9s a Google tudom\u00e1st szerez arr\u00f3l, hogy az \u00e9rintett weboldalunk konkr\u00e9t aloldal\u00e1t kereste fel.<\/p>\n<p>Ha az \u00e9rintett be van jelentkezve a YouTube-ra, a YouTube minden egyes YouTube-vide\u00f3t tartalmaz\u00f3 aloldal felh\u00edv\u00e1s\u00e1val felismeri, hogy internetes oldalunk melyik aloldal\u00e1t kereste fel az \u00e9rintett. Ezeket az inform\u00e1ci\u00f3kat a YouTube \u00e9s a Google gy\u0171jti \u00f6ssze, \u00e9s az \u00e9rintett megfelel\u0151 YouTube-fi\u00f3kj\u00e1hoz rendeli hozz\u00e1.<\/p>\n<p>A YouTube \u00e9s a Google a YouTube komponensen kereszt\u00fcl t\u00e1j\u00e9koztat\u00e1st kap arr\u00f3l, hogy az \u00e9rintett felkereste a weboldalunkat, ha az \u00e9rintett a weboldalunk felh\u00edv\u00e1s\u00e1nak id\u0151pontj\u00e1ban be van jelentkezve a YouTube-ra; ez att\u00f3l f\u00fcggetlen\u00fcl megt\u00f6rt\u00e9nik, hogy a szem\u00e9ly r\u00e1kattint egy YouTube-vide\u00f3ra vagy sem. Ha ezen inform\u00e1ci\u00f3knak a YouTube-nak \u00e9s a Google-nak val\u00f3 ilyen jelleg\u0171 tov\u00e1bb\u00edt\u00e1sa az \u00e9rintett sz\u00e1m\u00e1ra nem k\u00edv\u00e1natos, a k\u00e9zbes\u00edt\u00e9s megakad\u00e1lyozhat\u00f3, ha az \u00e9rintett kijelentkezik saj\u00e1t YouTube-fi\u00f3kj\u00e1b\u00f3l, miel\u0151tt felh\u00edvn\u00e1 webhely\u00fcnket.<\/p>\n<p>A YouTube adatv\u00e9delmi rendelkez\u00e9sei, amelyek a https:\/\/www.google.com\/intl\/en\/policies\/privacy\/ c\u00edmen \u00e9rhet\u0151k el, t\u00e1j\u00e9koztat\u00e1st ny\u00fajtanak a szem\u00e9lyes adatok YouTube \u00e9s a Google \u00e1ltali gy\u0171jt\u00e9s\u00e9r\u0151l, feldolgoz\u00e1s\u00e1r\u00f3l \u00e9s felhaszn\u00e1l\u00e1s\u00e1r\u00f3l.<\/p>\n<h4>19. Fizet\u00e9si m\u00f3d: Adatv\u00e9delmi rendelkez\u00e9sek a Klarna fizet\u00e9sfeldolgoz\u00f3k\u00e9nt t\u00f6rt\u00e9n\u0151 haszn\u00e1lat\u00e1ra vonatkoz\u00f3an<\/h4>\n<p>Ezen a weboldalon a vez\u00e9rl\u0151 integr\u00e1lta a Klarna \u00f6sszetev\u0151ket. A Klarna egy online fizet\u00e9si szolg\u00e1ltat\u00f3, amely lehet\u0151v\u00e9 teszi a sz\u00e1ml\u00e1s v\u00e1s\u00e1rl\u00e1st vagy a rugalmas r\u00e9szletfizet\u00e9st. A Klarna egy\u00e9b szolg\u00e1ltat\u00e1sokat is k\u00edn\u00e1l, p\u00e9ld\u00e1ul v\u00e1s\u00e1rl\u00f3v\u00e9delmet, szem\u00e9lyazonoss\u00e1g- vagy hitelk\u00e9pess\u00e9g-ellen\u0151rz\u00e9st.<\/p>\n<p>A Klarna \u00fczemeltet\u0151je a Klarna Bank AB, Sveav\u00e4gen 46, 111 34 Stockholm, Sv\u00e9dorsz\u00e1g.<\/p>\n<p>Amennyiben az \u00e9rintett a web\u00e1ruh\u00e1zunkban t\u00f6rt\u00e9n\u0151 megrendel\u00e9s sor\u00e1n fizet\u00e9si m\u00f3dk\u00e9nt a \u201esz\u00e1ml\u00e1s v\u00e1s\u00e1rl\u00e1s\u201d vagy \u201er\u00e9szletfizet\u00e9s\u201d lehet\u0151s\u00e9get v\u00e1lasztja, az \u00e9rintett adatai automatikusan tov\u00e1bb\u00edt\u00e1sra ker\u00fclnek a Klarna r\u00e9sz\u00e9re. Az \u00e9rintett ezen fizet\u00e9si m\u00f3dok valamelyik\u00e9nek kiv\u00e1laszt\u00e1s\u00e1val hozz\u00e1j\u00e1rul a sz\u00e1mla vagy a r\u00e9szletfizet\u00e9s feldolgoz\u00e1s\u00e1hoz, illetve a szem\u00e9lyazonoss\u00e1gi \u00e9s hitelk\u00e9pess\u00e9gi ellen\u0151rz\u00e9shez sz\u00fcks\u00e9ges szem\u00e9lyes adatok ezen tov\u00e1bb\u00edt\u00e1s\u00e1hoz.<\/p>\n<p>A Klarn\u00e1nak tov\u00e1bb\u00edtott szem\u00e9lyes adatok \u00e1ltal\u00e1ban a keresztn\u00e9v, vezet\u00e9kn\u00e9v, lakc\u00edm, sz\u00fclet\u00e9si id\u0151, nem, e-mail c\u00edm, IP-c\u00edm, telefonsz\u00e1m, mobiltelefonsz\u00e1m, valamint a sz\u00e1mla vagy r\u00e9szletfizet\u00e9s feldolgoz\u00e1s\u00e1hoz sz\u00fcks\u00e9ges egy\u00e9b adatok. Az ad\u00e1sv\u00e9teli szerz\u0151d\u00e9s feldolgoz\u00e1s\u00e1hoz olyan szem\u00e9lyes adatokra is sz\u00fcks\u00e9g van, amelyek az adott megrendel\u00e9ssel kapcsolatosak. K\u00fcl\u00f6n\u00f6sen a fizet\u00e9si inform\u00e1ci\u00f3k cser\u00e9je, mint p\u00e9ld\u00e1ul banki adatok, k\u00e1rtyasz\u00e1m, \u00e9rv\u00e9nyess\u00e9gi d\u00e1tum \u00e9s CVC-k\u00f3d, kumulat\u00edv sz\u00e1m, cikksz\u00e1m, \u00e1rukra \u00e9s szolg\u00e1ltat\u00e1sokra vonatkoz\u00f3 adatok, \u00e1rak \u00e9s ad\u00f3k, a kor\u00e1bbi v\u00e1s\u00e1rl\u00e1si magatart\u00e1sra vonatkoz\u00f3 inform\u00e1ci\u00f3k vagy a az \u00e9rintett p\u00e9nz\u00fcgyi helyzete.<\/p>\n<p>Az adatok tov\u00e1bb\u00edt\u00e1s\u00e1nak c\u00e9lja k\u00fcl\u00f6n\u00f6sen az azonos\u00edt\u00e1s ellen\u0151rz\u00e9se, fizet\u00e9si \u00fcgyint\u00e9z\u00e9s, valamint a csal\u00e1s megel\u0151z\u00e9se. Az adatkezel\u0151 a Klarn\u00e1nak szem\u00e9lyes adatokat ad meg, k\u00fcl\u00f6n\u00f6sen, ha a tov\u00e1bb\u00edt\u00e1shoz jogos \u00e9rdek f\u0171z\u0151dik. A Klarna \u00e9s az \u00e9rintett k\u00f6z\u00f6tt adatkezel\u00e9s c\u00e9lj\u00e1b\u00f3l kicser\u00e9lt szem\u00e9lyes adatokat a Klarna tov\u00e1bb\u00edtja a gazdas\u00e1gi szerveknek. Ez az \u00e1tvitel a szem\u00e9lyazonoss\u00e1g \u00e9s a hitelk\u00e9pess\u00e9g ellen\u0151rz\u00e9s\u00e9re szolg\u00e1l.<\/p>\n<p>A Klarna a szem\u00e9lyes adatokat a kapcsolt v\u00e1llalkoz\u00e1soknak (Klarna Group) \u00e9s a szolg\u00e1ltat\u00f3knak vagy alv\u00e1llalkoz\u00f3knak is tov\u00e1bb\u00edtja, amennyiben ez a szerz\u0151d\u00e9ses k\u00f6telezetts\u00e9gek teljes\u00edt\u00e9s\u00e9hez vagy a megrendel\u00e9sben szerepl\u0151 adatok feldolgoz\u00e1s\u00e1hoz sz\u00fcks\u00e9ges.<\/p>\n<p>A Klarna gy\u0171jti \u00e9s felhaszn\u00e1lja az \u00e9rintett kor\u00e1bbi fizet\u00e9si magatart\u00e1s\u00e1ra vonatkoz\u00f3 adatokat \u00e9s inform\u00e1ci\u00f3kat, valamint a j\u00f6v\u0151beni magatart\u00e1s\u00e1ra vonatkoz\u00f3 val\u00f3sz\u00edn\u0171s\u00e9gi \u00e9rt\u00e9keket (\u00fan. pontoz\u00e1s), hogy d\u00f6nt\u00e9st hozzon a szerz\u0151d\u00e9ses jogviszony indokol\u00e1s\u00e1r\u00f3l, v\u00e9grehajt\u00e1s\u00e1r\u00f3l vagy megsz\u00fcntet\u00e9s\u00e9r\u0151l. A pontoz\u00e1s sz\u00e1m\u00edt\u00e1sa tudom\u00e1nyosan elismert matematikai-statisztikai m\u00f3dszerek alapj\u00e1n t\u00f6rt\u00e9nik.<\/p>\n<p>Az \u00e9rintett a szem\u00e9lyes adatok kezel\u00e9s\u00e9hez adott hozz\u00e1j\u00e1rul\u00e1s\u00e1t b\u00e1rmikor visszavonhatja a Klarn\u00e1t\u00f3l. A visszavon\u00e1s nem \u00e9rinti azokat a szem\u00e9lyes adatokat, amelyeket a (szerz\u0151d\u00e9ses) fizet\u00e9si feldolgoz\u00e1snak megfelel\u0151en kell feldolgozni, felhaszn\u00e1lni vagy tov\u00e1bb\u00edtani.<\/p>\n<p>A Klarna vonatkoz\u00f3 adatv\u00e9delmi rendelkez\u00e9sei a https:\/\/cdn.klarna.com\/1.0\/shared\/content\/policy\/data\/de_de\/data_protection.pdf c\u00edmen \u00e9rhet\u0151k el.<\/p>\n<h4>20. Fizet\u00e9si m\u00f3d: A PayPal fizet\u00e9sfeldolgoz\u00f3k\u00e9nt val\u00f3 haszn\u00e1lat\u00e1ra vonatkoz\u00f3 adatv\u00e9delmi rendelkez\u00e9sek<\/h4>\n<p>Ezen a weboldalon a vez\u00e9rl\u0151 integr\u00e1lt PayPal \u00f6sszetev\u0151ket tartalmaz. A PayPal egy online fizet\u00e9si szolg\u00e1ltat\u00f3. A kifizet\u00e9sek feldolgoz\u00e1sa \u00fagynevezett PayPal-sz\u00e1ml\u00e1kon kereszt\u00fcl t\u00f6rt\u00e9nik, amelyek virtu\u00e1lis mag\u00e1n- vagy \u00fczleti sz\u00e1ml\u00e1kat jelentenek. A PayPal k\u00e9pes hitelk\u00e1rty\u00e1kon kereszt\u00fcli virtu\u00e1lis fizet\u00e9sek feldolgoz\u00e1s\u00e1ra is, ha a felhaszn\u00e1l\u00f3 nem rendelkezik PayPal-fi\u00f3kkal. A PayPal fi\u00f3k kezel\u00e9se e-mail c\u00edmen kereszt\u00fcl t\u00f6rt\u00e9nik, ez\u00e9rt nincsenek klasszikus sz\u00e1mlasz\u00e1mok. A PayPal lehet\u0151v\u00e9 teszi, hogy online fizet\u00e9seket ind\u00edtsanak el harmadik feleknek, vagy fogadjanak kifizet\u00e9seket. A PayPal elfogadja a megb\u00edzotti funkci\u00f3kat \u00e9s v\u00e1s\u00e1rl\u00f3v\u00e9delmi szolg\u00e1ltat\u00e1sokat is k\u00edn\u00e1l.<\/p>\n<p>A PayPal eur\u00f3pai \u00fczemeltet\u0151je a PayPal (Europe) S.\u00e0.rl et Cie, SCA, 22-24 Boulevard Royal L-2449, Luxemburg.<\/p>\n<p>Amennyiben az \u00e9rintett a megrendel\u00e9s sor\u00e1n a \u201ePayPal\u201d fizet\u00e9si m\u00f3dot v\u00e1lasztja a web\u00e1ruh\u00e1zban, az \u00e9rintett adatait automatikusan tov\u00e1bb\u00edtjuk a PayPal fel\u00e9. E fizet\u00e9si m\u00f3d kiv\u00e1laszt\u00e1s\u00e1val az \u00e9rintett hozz\u00e1j\u00e1rul a fizet\u00e9s feldolgoz\u00e1s\u00e1hoz sz\u00fcks\u00e9ges szem\u00e9lyes adatok tov\u00e1bb\u00edt\u00e1s\u00e1hoz.<\/p>\n<p>A PayPal r\u00e9sz\u00e9re tov\u00e1bb\u00edtott szem\u00e9lyes adat \u00e1ltal\u00e1ban a keresztn\u00e9v, vezet\u00e9kn\u00e9v, c\u00edm, e-mail c\u00edm, IP c\u00edm, telefonsz\u00e1m, mobiltelefonsz\u00e1m, vagy a fizet\u00e9s feldolgoz\u00e1s\u00e1hoz sz\u00fcks\u00e9ges egy\u00e9b adat. Az ad\u00e1sv\u00e9teli szerz\u0151d\u00e9s feldolgoz\u00e1s\u00e1hoz olyan szem\u00e9lyes adatokra is sz\u00fcks\u00e9g van, amelyek az adott megrendel\u00e9ssel kapcsolatosak.<\/p>\n<p>Az adatok tov\u00e1bb\u00edt\u00e1sa a fizet\u00e9sek feldolgoz\u00e1s\u00e1t \u00e9s a csal\u00e1s megel\u0151z\u00e9s\u00e9t szolg\u00e1lja. Az adatkezel\u0151 a szem\u00e9lyes adatokat k\u00fcl\u00f6n\u00f6sen akkor tov\u00e1bb\u00edtja a PayPal r\u00e9sz\u00e9re, ha a tov\u00e1bb\u00edt\u00e1shoz jogos \u00e9rdek f\u0171z\u0151dik. A PayPal \u00e9s az adatkezel\u0151 k\u00f6z\u00f6tt az adatkezel\u00e9s c\u00e9lj\u00e1b\u00f3l kicser\u00e9lt szem\u00e9lyes adatokat a PayPal tov\u00e1bb\u00edtja a gazdas\u00e1gi hitelint\u00e9zeteknek. Ez az \u00e1tvitel a szem\u00e9lyazonoss\u00e1g \u00e9s a hitelk\u00e9pess\u00e9g ellen\u0151rz\u00e9s\u00e9re szolg\u00e1l.<\/p>\n<p>A PayPal sz\u00fcks\u00e9g eset\u00e9n szem\u00e9lyes adatokat tov\u00e1bb\u00edt kapcsolt v\u00e1llalkoz\u00e1soknak \u00e9s szolg\u00e1ltat\u00f3knak vagy alv\u00e1llalkoz\u00f3knak, amennyiben ez a szerz\u0151d\u00e9ses k\u00f6telezetts\u00e9gek teljes\u00edt\u00e9s\u00e9hez vagy a megrendel\u00e9sben feldolgozand\u00f3 adatokhoz sz\u00fcks\u00e9ges.<\/p>\n<p>Az \u00e9rintettnek lehet\u0151s\u00e9ge van a szem\u00e9lyes adatok kezel\u00e9s\u00e9hez adott hozz\u00e1j\u00e1rul\u00e1s\u00e1t a PayPal-on b\u00e1rmikor visszavonni. A visszavon\u00e1s nem \u00e9rinti azokat a szem\u00e9lyes adatokat, amelyeket a (szerz\u0151d\u00e9ses) fizet\u00e9si feldolgoz\u00e1snak megfelel\u0151en kell feldolgozni, felhaszn\u00e1lni vagy tov\u00e1bb\u00edtani.<\/p>\n<p>A PayPal vonatkoz\u00f3 adatv\u00e9delmi rendelkez\u00e9sei a https:\/\/www.paypal.com\/us\/webapps\/mpp\/ua\/privacy-full oldalon \u00e9rhet\u0151k el.<\/p>\n<h4>21. Az adatkezel\u00e9s jogalapja<\/h4>\n<p>M\u0171v\u00e9szet. 6. (1) bek. a GDPR szolg\u00e1l jogalapk\u00e9nt olyan adatkezel\u00e9si m\u0171veletekhez, amelyekhez meghat\u00e1rozott adatkezel\u00e9si c\u00e9lb\u00f3l hozz\u00e1j\u00e1rul\u00e1st kapunk. Ha a szem\u00e9lyes adatok feldolgoz\u00e1sa olyan szerz\u0151d\u00e9s teljes\u00edt\u00e9s\u00e9hez sz\u00fcks\u00e9ges, amelynek az \u00e9rintett r\u00e9szes fele, mint p\u00e9ld\u00e1ul amikor az adatkezel\u00e9si m\u0171veletekre term\u00e9k\u00e9rt\u00e9kes\u00edt\u00e9shez vagy b\u00e1rmely m\u00e1s szolg\u00e1ltat\u00e1s ny\u00fajt\u00e1s\u00e1hoz van sz\u00fcks\u00e9g, az adatkezel\u00e9s 6. (1) bekezd\u00e9s lit. b GDPR. Ugyanez vonatkozik azokra a feldolgoz\u00e1si m\u0171veletekre, amelyek a szerz\u0151d\u00e9sk\u00f6t\u00e9st megel\u0151z\u0151 int\u00e9zked\u00e9sek v\u00e9grehajt\u00e1s\u00e1hoz sz\u00fcks\u00e9gesek, p\u00e9ld\u00e1ul term\u00e9keinkre vagy szolg\u00e1ltat\u00e1sainkra vonatkoz\u00f3 megkeres\u00e9sek eset\u00e9n. Ha c\u00e9g\u00fcnknek olyan jogszab\u00e1lyi k\u00f6telezetts\u00e9ge van, amely a szem\u00e9lyes adatok kezel\u00e9s\u00e9t \u00edrja el\u0151, p\u00e9ld\u00e1ul ad\u00f3k\u00f6telezetts\u00e9gek teljes\u00edt\u00e9se \u00e9rdek\u00e9ben, az adatkezel\u00e9s a Ptk. 6. (1) bek. c GDPR. Ritka esetekben a szem\u00e9lyes adatok feldolgoz\u00e1sa sz\u00fcks\u00e9gess\u00e9 v\u00e1lhat az \u00e9rintett vagy m\u00e1s term\u00e9szetes szem\u00e9ly l\u00e9tfontoss\u00e1g\u00fa \u00e9rdekeinek v\u00e9delme \u00e9rdek\u00e9ben. Ez a helyzet p\u00e9ld\u00e1ul akkor, ha egy l\u00e1togat\u00f3 megs\u00e9r\u00fcl a c\u00e9g\u00fcnkn\u00e9l, \u00e9s a nev\u00e9t, \u00e9letkor\u00e1t, eg\u00e9szs\u00e9gbiztos\u00edt\u00e1si adatait vagy egy\u00e9b l\u00e9tfontoss\u00e1g\u00fa inform\u00e1ci\u00f3it orvosnak, k\u00f3rh\u00e1znak vagy m\u00e1s harmadik f\u00e9lnek kellene tov\u00e1bb\u00edtani. Ekkor a feldolgoz\u00e1s az Art. 6. (1) bek. d GDPR. V\u00e9g\u00fcl, a feldolgoz\u00e1si m\u0171veletek a 6. cikk (1) bekezd\u00e9s\u00e9nek lit. f GDPR. Ez a jogalap olyan adatkezel\u00e9si m\u0171veletekre szolg\u00e1l, amelyekre a fent eml\u00edtett jogalapok egyike sem vonatkozik, ha az adatkezel\u00e9sre c\u00e9g\u00fcnk vagy harmadik f\u00e9l \u00e1ltal k\u00f6vetett jogos \u00e9rdekek \u00e9rdek\u00e9ben van sz\u00fcks\u00e9g, kiv\u00e9ve, ha az ilyen \u00e9rdekeket az \u00e9rdekek fel\u00fcl\u00edrj\u00e1k. vagy az \u00e9rintett alapvet\u0151 jogai \u00e9s szabads\u00e1gai, amelyek megk\u00f6vetelik a szem\u00e9lyes adatok v\u00e9delm\u00e9t. Az ilyen adatfeldolgoz\u00e1si m\u0171veletek k\u00fcl\u00f6n\u00f6sen megengedhet\u0151k, mert az eur\u00f3pai jogalkot\u00f3 kifejezetten megeml\u00edtette \u0151ket. \u00dagy v\u00e9lte, hogy jogos \u00e9rdek felt\u00e9telezhet\u0151, ha az \u00e9rintett az adatkezel\u0151 \u00fcgyfele (GDPR 47. preambulumbekezd\u00e9s, 2. mondat).<\/p>\n<h4>22. Az adatkezel\u0151 vagy harmadik f\u00e9l \u00e1ltal k\u00f6vetett jogos \u00e9rdekek<\/h4>\n<p>Amennyiben a szem\u00e9lyes adatok kezel\u00e9se a 6. cikk (1) bek. f GDPR jogos \u00e9rdek\u00fcnk, hogy \u00fczleti tev\u00e9kenys\u00e9g\u00fcnket minden alkalmazottunk \u00e9s r\u00e9szv\u00e9nyes\u00fcnk j\u00f3l\u00e9te \u00e9rdek\u00e9ben v\u00e9gezz\u00fck.<\/p>\n<h4>23. A szem\u00e9lyes adatok t\u00e1rol\u00e1s\u00e1nak id\u0151tartama<\/h4>\n<p>A szem\u00e9lyes adatok t\u00e1rol\u00e1si id\u0151tartam\u00e1nak meghat\u00e1roz\u00e1s\u00e1hoz haszn\u00e1lt krit\u00e9rium a vonatkoz\u00f3 jogszab\u00e1lyi meg\u0151rz\u00e9si id\u0151szak. Ezen id\u0151szak lej\u00e1rta ut\u00e1n a megfelel\u0151 adatok rutinszer\u0171en t\u00f6rl\u00e9sre ker\u00fclnek, mindaddig, am\u00edg az m\u00e1r nem sz\u00fcks\u00e9ges a szerz\u0151d\u00e9s teljes\u00edt\u00e9s\u00e9hez vagy a szerz\u0151d\u00e9s kezdem\u00e9nyez\u00e9s\u00e9hez.<\/p>\n<h4>24. Szem\u00e9lyes adatok megad\u00e1sa t\u00f6rv\u00e9nyi vagy szerz\u0151d\u00e9ses el\u0151\u00edr\u00e1sk\u00e9nt; A szerz\u0151d\u00e9s megk\u00f6t\u00e9s\u00e9hez sz\u00fcks\u00e9ges k\u00f6vetelm\u00e9ny; Az \u00e9rintett k\u00f6telezetts\u00e9ge a szem\u00e9lyes adatok megad\u00e1s\u00e1ra; az adatok megad\u00e1s\u00e1nak elmulaszt\u00e1s\u00e1nak lehets\u00e9ges k\u00f6vetkezm\u00e9nyei<\/h4>\n<p>Tiszt\u00e1zzuk, hogy a szem\u00e9lyes adatok megad\u00e1s\u00e1t r\u00e9szben t\u00f6rv\u00e9ny \u00edrja el\u0151 (pl. ad\u00f3jogszab\u00e1lyok), vagy az szerz\u0151d\u00e9ses rendelkez\u00e9sekb\u0151l is fakadhat (pl. a szerz\u0151d\u00e9ses partnerre vonatkoz\u00f3 inform\u00e1ci\u00f3). Id\u0151nk\u00e9nt sz\u00fcks\u00e9g lehet arra, hogy szerz\u0151d\u00e9st k\u00f6ss\u00fcnk arr\u00f3l, hogy az \u00e9rintett szem\u00e9lyes adatokat ad meg sz\u00e1munkra, amelyeket ezt k\u00f6vet\u0151en nek\u00fcnk kell feldolgoznunk. Az \u00e9rintett p\u00e9ld\u00e1ul k\u00f6teles szem\u00e9lyes adatokat megadni sz\u00e1munkra, amikor c\u00e9g\u00fcnk szerz\u0151d\u00e9st k\u00f6t vele. A szem\u00e9lyes adatok megad\u00e1s\u00e1nak elmulaszt\u00e1sa azzal a k\u00f6vetkezm\u00e9nnyel j\u00e1rna, hogy az \u00e9rintettel nem lehetne szerz\u0151d\u00e9st k\u00f6tni. Miel\u0151tt az \u00e9rintett szem\u00e9lyes adatokat adna \u00e1t, az \u00e9rintettnek fel kell vennie a kapcsolatot b\u00e1rmely alkalmazottj\u00e1val. A munkav\u00e1llal\u00f3 tiszt\u00e1zza az \u00e9rintettet, hogy a szem\u00e9lyes adatok megad\u00e1s\u00e1t jogszab\u00e1ly vagy szerz\u0151d\u00e9s \u00edrja el\u0151, vagy az a szerz\u0151d\u00e9s megk\u00f6t\u00e9s\u00e9hez sz\u00fcks\u00e9ges, fenn\u00e1ll-e a szem\u00e9lyes adatok megad\u00e1s\u00e1nak k\u00f6telezetts\u00e9ge, valamint a szem\u00e9lyes adatok megad\u00e1s\u00e1nak elmulaszt\u00e1s\u00e1nak k\u00f6vetkezm\u00e9nyei. adat.<\/p>\n<h4>25. Automatiz\u00e1lt d\u00f6nt\u00e9shozatal megl\u00e9te<\/h4>\n<p>Felel\u0151s v\u00e1llalatk\u00e9nt nem alkalmazunk automatikus d\u00f6nt\u00e9shozatalt vagy profilalkot\u00e1st.<\/p>\n<p>A szakemberek \u00e1ltal kifejlesztett\u00a0<a href=\"https:\/\/willing-able.com\/\" target=\"_blank\" rel=\"noopener\">LegalTech<\/a>\u00a0a Willing &amp; Able-n\u00e9l, amely szint\u00e9n kifejlesztette a rendszert\u00a0<a href=\"https:\/\/abletocontract.com\/\" target=\"_blank\" rel=\"noopener\">elektronikus al\u00e1\u00edr\u00e1s pdf<\/a>. Az adatv\u00e9delmi nyilatkozat-gener\u00e1torunkban tal\u00e1lhat\u00f3 jogi sz\u00f6vegeket a biztos\u00edtotta \u00e9s k\u00f6zz\u00e9tette\u00a0<a href=\"https:\/\/dg-datenschutz.de\/\" target=\"_blank\" rel=\"noopener\">Prof. Dr. hc Heiko Jonny Maniero<\/a>\u00a0a N\u00e9met Adatv\u00e9delmi Sz\u00f6vets\u00e9gt\u0151l \u00e9s\u00a0<a href=\"https:\/\/www.wbs-law.de\/\" rel=\"nofollow noopener\" target=\"_blank\">Christian Solmecke<\/a>\u00a0a WBS t\u00f6rv\u00e9nyb\u0151l.<\/p>\n\t\t\t\t\t\t\t\t<\/div>\n\t\t\t\t<\/div>\n\t\t\t\t\t<\/div>\n\t\t<\/div>\n\t\t\t\t\t<\/div>\n\t\t<\/section>\n\t\t\t\t<\/div>","protected":false},"excerpt":{"rendered":"<p>Adatv\u00e9delmi ir\u00e1nyelvek Nagy \u00f6r\u00f6m\u00fcnkre szolg\u00e1l, hogy \u00e9rdekl\u0151d\u00e9st mutat v\u00e1llalkoz\u00e1sunk ir\u00e1nt. Az adatv\u00e9delem k\u00fcl\u00f6n\u00f6sen kiemelt fontoss\u00e1g\u00fa a RateMeUp vezet\u00e9se sz\u00e1m\u00e1ra. A RateMeUp internetes oldalainak haszn\u00e1lata szem\u00e9lyes adatok megad\u00e1sa n\u00e9lk\u00fcl is lehets\u00e9ges; azonban, ha az \u00e9rintett szem\u00e9ly speci\u00e1lis v\u00e1llalati [\u2026]<\/p>","protected":false},"author":1,"featured_media":0,"parent":0,"menu_order":0,"comment_status":"closed","ping_status":"closed","template":"elementor_header_footer","meta":{"_jf_save_progress":"","footnotes":""},"class_list":["post-3","page","type-page","status-publish","hentry"],"blocksy_meta":[],"_links":{"self":[{"href":"https:\/\/ratemeup.online\/hu\/wp-json\/wp\/v2\/pages\/3","targetHints":{"allow":["GET"]}}],"collection":[{"href":"https:\/\/ratemeup.online\/hu\/wp-json\/wp\/v2\/pages"}],"about":[{"href":"https:\/\/ratemeup.online\/hu\/wp-json\/wp\/v2\/types\/page"}],"author":[{"embeddable":true,"href":"https:\/\/ratemeup.online\/hu\/wp-json\/wp\/v2\/users\/1"}],"replies":[{"embeddable":true,"href":"https:\/\/ratemeup.online\/hu\/wp-json\/wp\/v2\/comments?post=3"}],"version-history":[{"count":5,"href":"https:\/\/ratemeup.online\/hu\/wp-json\/wp\/v2\/pages\/3\/revisions"}],"predecessor-version":[{"id":108,"href":"https:\/\/ratemeup.online\/hu\/wp-json\/wp\/v2\/pages\/3\/revisions\/108"}],"wp:attachment":[{"href":"https:\/\/ratemeup.online\/hu\/wp-json\/wp\/v2\/media?parent=3"}],"curies":[{"name":"wp","href":"https:\/\/api.w.org\/{rel}","templated":true}]}}